{"id":457,"date":"2018-07-24T09:53:47","date_gmt":"2018-07-24T07:53:47","guid":{"rendered":"https:\/\/praxisbrandau.de\/?page_id=457"},"modified":"2021-12-30T12:12:11","modified_gmt":"2021-12-30T11:12:11","slug":"datenschutzerklaerung","status":"publish","type":"page","link":"https:\/\/praxisbrandau.de\/?page_id=457","title":{"rendered":"Datenschutzerkl\u00e4rung \/ Data protection declaration"},"content":{"rendered":"<p>[et_pb_section fb_built=&#8220;1&#8243; fullwidth=&#8220;on&#8220; _builder_version=&#8220;3.22&#8243; global_colors_info=&#8220;{}&#8220;][et_pb_fullwidth_image src=&#8220;https:\/\/praxisbrandau.de\/wp-content\/uploads\/2018\/07\/anstellung-arbeit-arbeitsplatz-461077.jpg&#8220; _builder_version=&#8220;3.0.106&#8243; global_colors_info=&#8220;{}&#8220;][\/et_pb_fullwidth_image][\/et_pb_section][et_pb_section fb_built=&#8220;1&#8243; admin_label=&#8220;section&#8220; _builder_version=&#8220;3.22&#8243; global_colors_info=&#8220;{}&#8220;][et_pb_row _builder_version=&#8220;3.25&#8243; background_size=&#8220;initial&#8220; background_position=&#8220;top_left&#8220; background_repeat=&#8220;repeat&#8220; global_colors_info=&#8220;{}&#8220; column_structure=&#8220;1_3,1_3,1_3&#8243;][et_pb_column type=&#8220;1_3&#8243; _builder_version=&#8220;3.25&#8243; custom_padding=&#8220;|||&#8220; global_colors_info=&#8220;{}&#8220; custom_padding__hover=&#8220;|||&#8220;][\/et_pb_column][et_pb_column type=&#8220;1_3&#8243; _builder_version=&#8220;3.25&#8243; custom_padding=&#8220;|||&#8220; global_colors_info=&#8220;{}&#8220; custom_padding__hover=&#8220;|||&#8220;][et_pb_image src=&#8220;https:\/\/praxisbrandau.de\/wp-content\/uploads\/2018\/08\/Icon_datenschutz.png&#8220; show_bottom_space=&#8220;off&#8220; align=&#8220;center&#8220; align_tablet=&#8220;center&#8220; align_last_edited=&#8220;on|desktop&#8220; _builder_version=&#8220;3.23&#8243; max_width=&#8220;50%&#8220; module_alignment=&#8220;center&#8220; custom_margin=&#8220;||20px|&#8220; always_center_on_mobile=&#8220;on&#8220; global_colors_info=&#8220;{}&#8220; align_phone=&#8220;center&#8220;][\/et_pb_image][et_pb_blurb title=&#8220;Datenschutzerkl\u00e4rung \/ Data protection declaration&#8220; _builder_version=&#8220;4.13.0&#8243; header_level=&#8220;h2&#8243; header_font=&#8220;Abhaya Libre|||||on|||&#8220; header_text_align=&#8220;center&#8220; header_text_color=&#8220;#bfb8b0&#8243; body_font=&#8220;Abhaya Libre||||||||&#8220; body_text_align=&#8220;center&#8220; text_orientation=&#8220;center&#8220; use_circle=&#8220;off&#8220; use_circle_border=&#8220;off&#8220; global_colors_info=&#8220;{}&#8220;][\/et_pb_blurb][\/et_pb_column][et_pb_column type=&#8220;1_3&#8243; _builder_version=&#8220;3.25&#8243; custom_padding=&#8220;|||&#8220; global_colors_info=&#8220;{}&#8220; custom_padding__hover=&#8220;|||&#8220;][\/et_pb_column][\/et_pb_row][et_pb_row admin_label=&#8220;row&#8220; _builder_version=&#8220;3.25&#8243; background_size=&#8220;initial&#8220; background_position=&#8220;top_left&#8220; background_repeat=&#8220;repeat&#8220; global_colors_info=&#8220;{}&#8220; column_structure=&#8220;1_2,1_2&#8243;][et_pb_column type=&#8220;1_2&#8243; _builder_version=&#8220;3.25&#8243; custom_padding=&#8220;|||&#8220; global_colors_info=&#8220;{}&#8220; custom_padding__hover=&#8220;|||&#8220;][et_pb_text _builder_version=&#8220;3.27.4&#8243; saved_tabs=&#8220;all&#8220; global_colors_info=&#8220;{}&#8220;]<\/p>\n<p>Wir freuen uns sehr \u00fcber Ihr Interesse an unserem Unternehmen. Datenschutz hat einen besonders hohen Stellenwert f\u00fcr die Praxis Brandau. Eine Nutzung der Internetseiten der Praxis Brandau ist grunds\u00e4tzlich ohne jede Angabe personenbezogener Daten m\u00f6glich. Sofern eine betroffene Person besondere Services unseres Unternehmens \u00fcber unsere Internetseite in Anspruch nehmen m\u00f6chte, k\u00f6nnte jedoch eine Verarbeitung personenbezogener Daten erforderlich werden. Ist die Verarbeitung personenbezogener Daten erforderlich und besteht f\u00fcr eine solche Verarbeitung keine gesetzliche Grundlage, holen wir generell eine Einwilligung der betroffenen Person ein. Die Verarbeitung personenbezogener Daten, beispielsweise des Namens, der Anschrift, E-Mail-Adresse oder Telefonnummer einer betroffenen Person, erfolgt stets im Einklang mit der Datenschutz-Grundverordnung und in \u00dcbereinstimmung mit den f\u00fcr die Praxis Brandau geltenden landesspezifischen Datenschutzbestimmungen. Mittels dieser Datenschutzerkl\u00e4rung m\u00f6chte unser Unternehmen die \u00d6ffentlichkeit \u00fcber Art, Umfang und Zweck der von uns erhobenen, genutzten und verarbeiteten personenbezogenen Daten informieren. Ferner werden betroffene Personen mittels dieser Datenschutzerkl\u00e4rung \u00fcber die ihnen zustehenden Rechte aufgekl\u00e4rt. Die Praxis Brandau hat als f\u00fcr die Verarbeitung Verantwortlicher zahlreiche technische und organisatorische Ma\u00dfnahmen umgesetzt, um einen m\u00f6glichst l\u00fcckenlosen Schutz der \u00fcber diese Internetseite verarbeiteten personenbezogenen Daten sicherzustellen. Dennoch k\u00f6nnen Internetbasierte Daten\u00fcbertragungen grunds\u00e4tzlich Sicherheitsl\u00fccken aufweisen, sodass ein absoluter Schutz nicht gew\u00e4hrleistet werden kann. Aus diesem Grund steht es jeder betroffenen Person frei, personenbezogene Daten auch auf alternativen Wegen, beispielsweise telefonisch, an uns zu \u00fcbermitteln.<\/p>\n<h5>1. Begriffsbestimmungen<\/h5>\n<p>Die Datenschutzerkl\u00e4rung der Praxis Brandau beruht auf den Begrifflichkeiten, die durch den Europ\u00e4ischen Richtlinien- und Verordnungsgeber beim Erlass der Datenschutz-Grundverordnung (DS-GVO) verwendet wurden. Unsere Datenschutzerkl\u00e4rung soll sowohl f\u00fcr die \u00d6ffentlichkeit als auch f\u00fcr unsere Kunden und Gesch\u00e4ftspartner einfach lesbar und verst\u00e4ndlich sein. Um dies zu gew\u00e4hrleisten, m\u00f6chten wir vorab die verwendeten Begrifflichkeiten erl\u00e4utern. Wir verwenden in dieser Datenschutzerkl\u00e4rung unter anderem die folgenden Begriffe:<\/p>\n<ul>\n<li><strong>a) personenbezogene Daten<\/strong> \u2013\u00a0Personenbezogene Daten sind alle Informationen, die sich auf eine identifizierte oder identifizierbare nat\u00fcrliche Person (im Folgenden \u201ebetroffene Person\u201c) beziehen. Als identifizierbar wird eine nat\u00fcrliche Person angesehen, die direkt oder indirekt, insbesondere mittels Zuordnung zu einer Kennung wie einem Namen, zu einer Kennnummer, zu Standortdaten, zu einer Online-Kennung oder zu einem oder mehreren besonderen Merkmalen, die Ausdruck der physischen, physiologischen, genetischen, psychischen, wirtschaftlichen, kulturellen oder sozialen Identit\u00e4t dieser nat\u00fcrlichen Person sind, identifiziert werden kann.<\/li>\n<li><strong>b) betroffene Person<\/strong> \u2013\u00a0Betroffene Person ist jede identifizierte oder identifizierbare nat\u00fcrliche Person, deren personenbezogene Daten von dem f\u00fcr die Verarbeitung Verantwortlichen verarbeitet werden.<\/li>\n<li><strong>c) Verarbeitung<\/strong> \u2013\u00a0Verarbeitung ist jeder mit oder ohne Hilfe automatisierter Verfahren ausgef\u00fchrte Vorgang oder jede solche Vorgangsreihe im Zusammenhang mit personenbezogenen Daten wie das Erheben, das Erfassen, die Organisation, das Ordnen, die Speicherung, die Anpassung oder Ver\u00e4nderung, das Auslesen, das Abfragen, die Verwendung, die Offenlegung durch \u00dcbermittlung, Verbreitung oder eine andere Form der Bereitstellung, den Abgleich oder die Verkn\u00fcpfung, die Einschr\u00e4nkung, das L\u00f6schen oder die Vernichtung.<\/li>\n<li><strong>d) Einschr\u00e4nkung der Verarbeitung<\/strong> \u2013\u00a0Einschr\u00e4nkung der Verarbeitung ist die Markierung gespeicherter personenbezogener Daten mit dem Ziel, ihre k\u00fcnftige Verarbeitung einzuschr\u00e4nken.<\/li>\n<li><strong>e) Profiling<\/strong> \u2013\u00a0Profiling ist jede Art der automatisierten Verarbeitung personenbezogener Daten, die darin besteht, dass diese personenbezogenen Daten verwendet werden, um bestimmte pers\u00f6nliche Aspekte, die sich auf eine nat\u00fcrliche Person beziehen, zu bewerten, insbesondere, um Aspekte bez\u00fcglich Arbeitsleistung, wirtschaftlicher Lage, Gesundheit, pers\u00f6nlicher Vorlieben, Interessen, Zuverl\u00e4ssigkeit, Verhalten, Aufenthaltsort oder Ortswechsel dieser nat\u00fcrlichen Person zu analysieren oder vorherzusagen.<\/li>\n<li><strong>f) Pseudonymisierung<\/strong> \u2013\u00a0Pseudonymisierung ist die Verarbeitung personenbezogener Daten in einer Weise, auf welche die personenbezogenen Daten ohne Hinzuziehung zus\u00e4tzlicher Informationen nicht mehr einer spezifischen betroffenen Person zugeordnet werden k\u00f6nnen, sofern diese zus\u00e4tzlichen Informationen gesondert aufbewahrt werden und technischen und organisatorischen Ma\u00dfnahmen unterliegen, die gew\u00e4hrleisten, dass die personenbezogenen Daten nicht einer identifizierten oder identifizierbaren nat\u00fcrlichen Person zugewiesen werden.<\/li>\n<li><strong>g) Verantwortlicher oder f\u00fcr die Verarbeitung Verantwortlicher<\/strong> \u2013\u00a0Verantwortlicher oder f\u00fcr die Verarbeitung Verantwortlicher ist die nat\u00fcrliche oder juristische Person, Beh\u00f6rde, Einrichtung oder andere Stelle, die allein oder gemeinsam mit anderen \u00fcber die Zwecke und Mittel der Verarbeitung von personenbezogenen Daten entscheidet. Sind die Zwecke und Mittel dieser Verarbeitung durch das Unionsrecht oder das Recht der Mitgliedstaaten vorgegeben, so kann der Verantwortliche beziehungsweise k\u00f6nnen die bestimmten Kriterien seiner Benennung nach dem Unionsrecht oder dem Recht der Mitgliedstaaten vorgesehen werden.<\/li>\n<li><strong>h) Auftragsverarbeiter<\/strong> \u2013 Auftragsverarbeiter ist eine nat\u00fcrliche oder juristische Person, Beh\u00f6rde, Einrichtung oder andere Stelle, die personenbezogene Daten im Auftrag des Verantwortlichen verarbeitet.<\/li>\n<li><strong>i) Empf\u00e4nger<\/strong> \u2013\u00a0Empf\u00e4nger ist eine nat\u00fcrliche oder juristische Person, Beh\u00f6rde, Einrichtung oder andere Stelle, der personenbezogene Daten offengelegt werden, unabh\u00e4ngig davon, ob es sich bei ihr um einen Dritten handelt oder nicht. Beh\u00f6rden, die im Rahmen eines bestimmten Untersuchungsauftrags nach dem Unionsrecht oder dem Recht der Mitgliedstaaten m\u00f6glicherweise personenbezogene Daten erhalten, gelten jedoch nicht als Empf\u00e4nger.<\/li>\n<li><strong>j) Dritter<\/strong> \u2013\u00a0Dritter ist eine nat\u00fcrliche oder juristische Person, Beh\u00f6rde, Einrichtung oder andere Stelle au\u00dfer der betroffenen Person, dem Verantwortlichen, dem Auftragsverarbeiter und den Personen, die unter der unmittelbaren Verantwortung des Verantwortlichen oder des Auftragsverarbeiters befugt sind, die personenbezogenen Daten zu verarbeiten.<\/li>\n<li><strong>k) Einwilligung<\/strong> \u2013\u00a0Einwilligung ist jede von der betroffenen Person freiwillig f\u00fcr den bestimmten Fall in informierter Weise und unmissverst\u00e4ndlich abgegebene Willensbekundung in Form einer Erkl\u00e4rung oder einer sonstigen eindeutigen best\u00e4tigenden Handlung, mit der die betroffene Person zu verstehen gibt, dass sie mit der Verarbeitung der sie betreffenden personenbezogenen Daten einverstanden ist.<\/li>\n<\/ul>\n<h4>2. Name und Anschrift des f\u00fcr die Verarbeitung Verantwortlichen<\/h4>\n<p>Verantwortlicher im Sinne der Datenschutz-Grundverordnung, sonstiger in den Mitgliedstaaten der Europ\u00e4ischen Union geltenden Datenschutzgesetze und anderer Bestimmungen mit datenschutzrechtlichem Charakter ist die: PRAXIS BRANDAU Inhaberin: Susanne Brandau Fach\u00e4rztin f\u00fcr Psychotherapie &amp; Psychiatrie Borsigstr. 4, 10115 Berlin Deutschland Tel.: 030-28884076 E-Mail: <span>mail@praxisbrandau.de<\/span>\u00a0Website: www.praxisbrandau.de<\/p>\n<h4>3. Cookies<\/h4>\n<p>Die Internetseiten der Praxis Brandau verwenden Cookies. Cookies sind Textdateien, welche \u00fcber einen Internetbrowser auf einem Computersystem abgelegt und gespeichert werden. Zahlreiche Internetseiten und Server verwenden Cookies. Viele Cookies enthalten eine sogenannte Cookie-ID. Eine Cookie-ID ist eine eindeutige Kennung des Cookies. Sie besteht aus einer Zeichenfolge, durch welche Internetseiten und Server dem konkreten Internetbrowser zugeordnet werden k\u00f6nnen, in dem das Cookie gespeichert wurde. Dies erm\u00f6glicht es den besuchten Internetseiten und Servern, den individuellen Browser der betroffenen Person von anderen Internetbrowsern, die andere Cookies enthalten, zu unterscheiden. Ein bestimmter Internetbrowser kann \u00fcber die eindeutige Cookie-ID wiedererkannt und identifiziert werden. Durch den Einsatz von Cookies kann die Praxis Brandau den Nutzern dieser Internetseite nutzerfreundlichere Services bereitstellen, die ohne die Cookie-Setzung nicht m\u00f6glich w\u00e4ren. Mittels eines Cookies k\u00f6nnen die Informationen und Angebote auf unserer Internetseite im Sinne des Benutzers optimiert werden. Cookies erm\u00f6glichen uns, wie bereits erw\u00e4hnt, die Benutzer unserer Internetseite wiederzuerkennen. Zweck dieser Wiedererkennung ist es, den Nutzern die Verwendung unserer Internetseite zu erleichtern. Der Benutzer einer Internetseite, die Cookies verwendet, muss beispielsweise nicht bei jedem Besuch der Internetseite erneut seine Zugangsdaten eingeben, weil dies von der Internetseite und dem auf dem Computersystem des Benutzers abgelegten Cookie \u00fcbernommen wird. Ein weiteres Beispiel ist das Cookie eines Warenkorbes im Online-Shop. Der Online-Shop merkt sich die Artikel, die ein Kunde in den virtuellen Warenkorb gelegt hat, \u00fcber ein Cookie. Die betroffene Person kann die Setzung von Cookies durch unsere Internetseite jederzeit mittels einer entsprechenden Einstellung des genutzten Internetbrowsers verhindern und damit der Setzung von Cookies dauerhaft widersprechen. Ferner k\u00f6nnen bereits gesetzte Cookies jederzeit \u00fcber einen Internetbrowser oder andere Softwareprogramme gel\u00f6scht werden. Dies ist in allen g\u00e4ngigen Internetbrowsern m\u00f6glich. Deaktiviert die betroffene Person die Setzung von Cookies in dem genutzten Internetbrowser, sind unter Umst\u00e4nden nicht alle Funktionen unserer Internetseite vollumf\u00e4nglich nutzbar.<\/p>\n<h4>4. Erfassung von allgemeinen Daten und Informationen<\/h4>\n<p>Die Internetseite der Praxis Brandau erfasst mit jedem Aufruf der Internetseite durch eine betroffene Person oder ein automatisiertes System eine Reihe von allgemeinen Daten und Informationen. Diese allgemeinen Daten und Informationen werden in den Logfiles des Servers gespeichert. Erfasst werden k\u00f6nnen die (1) verwendeten Browsertypen und Versionen, (2) das vom zugreifenden System verwendete Betriebssystem, (3) die Internetseite, von welcher ein zugreifendes System auf unsere Internetseite gelangt (sogenannte Referrer), (4) die Unterwebseiten, welche \u00fcber ein zugreifendes System auf unserer Internetseite angesteuert werden, (5) das Datum und die Uhrzeit eines Zugriffs auf die Internetseite, (6) eine Internet-Protokoll-Adresse (IP-Adresse), (7) der Internet-Service-Provider des zugreifenden Systems und (8) sonstige \u00e4hnliche Daten und Informationen, die der Gefahrenabwehr im Falle von Angriffen auf unsere informationstechnologischen Systeme dienen. Bei der Nutzung dieser allgemeinen Daten und Informationen zieht die Praxis Brandau keine R\u00fcckschl\u00fcsse auf die betroffene Person. Diese Informationen werden vielmehr ben\u00f6tigt, um (1) die Inhalte unserer Internetseite korrekt auszuliefern, (2) die Inhalte unserer Internetseite sowie die Werbung f\u00fcr diese zu optimieren, (3) die dauerhafte Funktionsf\u00e4higkeit unserer informationstechnologischen Systeme und der Technik unserer Internetseite zu gew\u00e4hrleisten sowie (4) um Strafverfolgungsbeh\u00f6rden im Falle eines Cyberangriffes die zur Strafverfolgung notwendigen Informationen bereitzustellen. Diese anonym erhobenen Daten und Informationen werden durch die Praxis Brandau daher einerseits statistisch und ferner mit dem Ziel ausgewertet, den Datenschutz und die Datensicherheit in unserem Unternehmen zu erh\u00f6hen, um letztlich ein optimales Schutzniveau f\u00fcr die von uns verarbeiteten personenbezogenen Daten sicherzustellen. Die anonymen Daten der Server-Logfiles werden getrennt von allen durch eine betroffene Person angegebenen personenbezogenen Daten gespeichert.<\/p>\n<h4>5. Routinem\u00e4\u00dfige L\u00f6schung und Sperrung von personenbezogenen Daten<\/h4>\n<p>Der f\u00fcr die Verarbeitung Verantwortliche verarbeitet und speichert personenbezogene Daten der betroffenen Person nur f\u00fcr den Zeitraum, der zur Erreichung des Speicherungszwecks erforderlich ist oder sofern dies durch den Europ\u00e4ischen Richtlinien- und Verordnungsgeber oder einen anderen Gesetzgeber in Gesetzen oder Vorschriften, welchen der f\u00fcr die Verarbeitung Verantwortliche unterliegt, vorgesehen wurde. Entf\u00e4llt der Speicherungszweck oder l\u00e4uft eine vom Europ\u00e4ischen Richtlinien- und Verordnungsgeber oder einem anderen zust\u00e4ndigen Gesetzgeber vorgeschriebene Speicherfrist ab, werden die personenbezogenen Daten routinem\u00e4\u00dfig und entsprechend den gesetzlichen Vorschriften gesperrt oder gel\u00f6scht.<\/p>\n<h4>6. Rechte der betroffenen Person<\/h4>\n<ul>\n<li><strong>a) Recht auf Best\u00e4tigung<\/strong> \u2013\u00a0Jede betroffene Person hat das vom Europ\u00e4ischen Richtlinien- und Verordnungsgeber einger\u00e4umte Recht, von dem f\u00fcr die Verarbeitung Verantwortlichen eine Best\u00e4tigung dar\u00fcber zu verlangen, ob sie betreffende personenbezogene Daten verarbeitet werden. M\u00f6chte eine betroffene Person dieses Best\u00e4tigungsrecht in Anspruch nehmen, kann sie sich hierzu jederzeit an einen Mitarbeiter des f\u00fcr die Verarbeitung Verantwortlichen wenden.<\/li>\n<li><strong>b) Recht auf Auskunft<\/strong> \u2013 Jede von der Verarbeitung personenbezogener Daten betroffene Person hat das vom Europ\u00e4ischen Richtlinien- und Verordnungsgeber gew\u00e4hrte Recht, jederzeit von dem f\u00fcr die Verarbeitung Verantwortlichen unentgeltliche Auskunft \u00fcber die zu seiner Person gespeicherten personenbezogenen Daten und eine Kopie dieser Auskunft zu erhalten. Ferner hat der Europ\u00e4ische Richtlinien- und Verordnungsgeber der betroffenen Person Auskunft \u00fcber folgende Informationen zugestanden:\n<ul>\n<li>die Verarbeitungszwecke<\/li>\n<li>die Kategorien personenbezogener Daten, die verarbeitet werden<\/li>\n<li>die Empf\u00e4nger oder Kategorien von Empf\u00e4ngern, gegen\u00fcber denen die personenbezogenen Daten offengelegt worden sind oder noch offengelegt werden, insbesondere bei Empf\u00e4ngern in Drittl\u00e4ndern oder bei internationalen Organisationen<\/li>\n<li>falls m\u00f6glich die geplante Dauer, f\u00fcr die die personenbezogenen Daten gespeichert werden, oder, falls dies nicht m\u00f6glich ist, die Kriterien f\u00fcr die Festlegung dieser Dauer<\/li>\n<li>das Bestehen eines Rechts auf Berichtigung oder L\u00f6schung der sie betreffenden personenbezogenen Daten oder auf Einschr\u00e4nkung der Verarbeitung durch den Verantwortlichen oder eines Widerspruchsrechts gegen diese Verarbeitung<\/li>\n<li>das Bestehen eines Beschwerderechts bei einer Aufsichtsbeh\u00f6rde<\/li>\n<li>wenn die personenbezogenen Daten nicht bei der betroffenen Person erhoben werden: Alle verf\u00fcgbaren Informationen \u00fcber die Herkunft der Daten<\/li>\n<li>das Bestehen einer automatisierten Entscheidungsfindung einschlie\u00dflich Profiling gem\u00e4\u00df Artikel 22 Abs.1 und 4 DS-GVO und \u2014 zumindest in diesen F\u00e4llen \u2014 aussagekr\u00e4ftige Informationen \u00fcber die involvierte Logik sowie die Tragweite und die angestrebten Auswirkungen einer derartigen Verarbeitung f\u00fcr die betroffene Person<\/li>\n<\/ul>\n<p>Ferner steht der betroffenen Person ein Auskunftsrecht dar\u00fcber zu, ob personenbezogene Daten an ein Drittland oder an eine internationale Organisation \u00fcbermittelt wurden. Sofern dies der Fall ist, so steht der betroffenen Person im \u00dcbrigen das Recht zu, Auskunft \u00fcber die geeigneten Garantien im Zusammenhang mit der \u00dcbermittlung zu erhalten. M\u00f6chte eine betroffene Person dieses Auskunftsrecht in Anspruch nehmen, kann sie sich hierzu jederzeit an einen Mitarbeiter des f\u00fcr die Verarbeitung Verantwortlichen wenden.<\/p>\n<\/li>\n<li><strong>c) Recht auf Berichtigung<\/strong> \u2013\u00a0Jede von der Verarbeitung personenbezogener Daten betroffene Person hat das vom Europ\u00e4ischen Richtlinien- und Verordnungsgeber gew\u00e4hrte Recht, die unverz\u00fcgliche Berichtigung sie betreffender unrichtiger personenbezogener Daten zu verlangen. Ferner steht der betroffenen Person das Recht zu, unter Ber\u00fccksichtigung der Zwecke der Verarbeitung, die Vervollst\u00e4ndigung unvollst\u00e4ndiger personenbezogener Daten \u2014 auch mittels einer erg\u00e4nzenden Erkl\u00e4rung \u2014 zu verlangen. M\u00f6chte eine betroffene Person dieses Berichtigungsrecht in Anspruch nehmen, kann sie sich hierzu jederzeit an einen Mitarbeiter des f\u00fcr die Verarbeitung Verantwortlichen wenden.<\/li>\n<li><strong>d) Recht auf L\u00f6schung (Recht auf Vergessen werden)<\/strong> \u2013 Jede von der Verarbeitung personenbezogener Daten betroffene Person hat das vom Europ\u00e4ischen Richtlinien- und Verordnungsgeber gew\u00e4hrte Recht, von dem Verantwortlichen zu verlangen, dass die sie betreffenden personenbezogenen Daten unverz\u00fcglich gel\u00f6scht werden, sofern einer der folgenden Gr\u00fcnde zutrifft und soweit die Verarbeitung nicht erforderlich ist:\n<ul>\n<li>Die personenbezogenen Daten wurden f\u00fcr solche Zwecke erhoben oder auf sonstige Weise verarbeitet, f\u00fcr welche sie nicht mehr notwendig sind.<\/li>\n<li>Die betroffene Person widerruft ihre Einwilligung, auf die sich die Verarbeitung gem\u00e4\u00df Art. 6 Abs. 1 Buchstabe a DS-GVO oder Art. 9 Abs. 2 Buchstabe a DS-GVO st\u00fctzte, und es fehlt an einer anderweitigen Rechtsgrundlage f\u00fcr die Verarbeitung.<\/li>\n<li>Die betroffene Person legt gem\u00e4\u00df Art. 21 Abs. 1 DS-GVO Widerspruch gegen die Verarbeitung ein, und es liegen keine vorrangigen berechtigten Gr\u00fcnde f\u00fcr die Verarbeitung vor, oder die betroffene Person legt gem\u00e4\u00df Art. 21 Abs. 2 DS-GVO Widerspruch gegen die Verarbeitung ein.<\/li>\n<li>Die personenbezogenen Daten wurden unrechtm\u00e4\u00dfig verarbeitet.<\/li>\n<li>Die L\u00f6schung der personenbezogenen Daten ist zur Erf\u00fcllung einer rechtlichen Verpflichtung nach dem Unionsrecht oder dem Recht der Mitgliedstaaten erforderlich, dem der Verantwortliche unterliegt.<\/li>\n<li>Die personenbezogenen Daten wurden in Bezug auf angebotene Dienste der Informationsgesellschaft gem\u00e4\u00df Art. 8 Abs. 1 DS-GVO erhoben.<\/li>\n<\/ul>\n<p>Sofern einer der oben genannten Gr\u00fcnde zutrifft und eine betroffene Person die L\u00f6schung von personenbezogenen Daten, die bei der Zitrusblau GmbH gespeichert sind, veranlassen m\u00f6chte, kann sie sich hierzu jederzeit an einen Mitarbeiter des f\u00fcr die Verarbeitung Verantwortlichen wenden. Der Mitarbeiter der Zitrusblau GmbH wird veranlassen, dass dem L\u00f6schverlangen unverz\u00fcglich nachgekommen wird. Wurden die personenbezogenen Daten von der Zitrusblau GmbH \u00f6ffentlich gemacht und ist unser Unternehmen als Verantwortlicher gem\u00e4\u00df Art. 17 Abs. 1 DS-GVO zur L\u00f6schung der personenbezogenen Daten verpflichtet, so trifft die Zitrusblau GmbH unter Ber\u00fccksichtigung der verf\u00fcgbaren Technologie und der Implementierungskosten angemessene Ma\u00dfnahmen, auch technischer Art, um andere f\u00fcr die Datenverarbeitung Verantwortliche, welche die ver\u00f6ffentlichten personenbezogenen Daten verarbeiten, dar\u00fcber in Kenntnis zu setzen, dass die betroffene Person von diesen anderen f\u00fcr die Datenverarbeitung Verantwortlichen die L\u00f6schung s\u00e4mtlicher Links zu diesen personenbezogenen Daten oder von Kopien oder Replikationen dieser personenbezogenen Daten verlangt hat, soweit die Verarbeitung nicht erforderlich ist. Die\u00a0Praxis Brandau wird im Einzelfall das Notwendige veranlassen.<\/p>\n<\/li>\n<li><strong>e) Recht auf Einschr\u00e4nkung der Verarbeitung<\/strong> \u2013\u00a0Jede von der Verarbeitung personenbezogener Daten betroffene Person hat das vom Europ\u00e4ischen Richtlinien- und Verordnungsgeber gew\u00e4hrte Recht, von dem Verantwortlichen die Einschr\u00e4nkung der Verarbeitung zu verlangen, wenn eine der folgenden Voraussetzungen gegeben ist:\n<ul>\n<li>Die Richtigkeit der personenbezogenen Daten wird von der betroffenen Person bestritten, und zwar f\u00fcr eine Dauer, die es dem Verantwortlichen erm\u00f6glicht, die Richtigkeit der personenbezogenen Daten zu \u00fcberpr\u00fcfen.<\/li>\n<li>Die Verarbeitung ist unrechtm\u00e4\u00dfig, die betroffene Person lehnt die L\u00f6schung der personenbezogenen Daten ab und verlangt stattdessen die Einschr\u00e4nkung der Nutzung der personenbezogenen Daten.<\/li>\n<li>Der Verantwortliche ben\u00f6tigt die personenbezogenen Daten f\u00fcr die Zwecke der Verarbeitung nicht l\u00e4nger, die betroffene Person ben\u00f6tigt sie jedoch zur Geltendmachung, Aus\u00fcbung oder Verteidigung von Rechtsanspr\u00fcchen.<\/li>\n<li>Die betroffene Person hat Widerspruch gegen die Verarbeitung gem. Art. 21 Abs. 1 DS-GVO eingelegt und es steht noch nicht fest, ob die berechtigten Gr\u00fcnde des Verantwortlichen gegen\u00fcber denen der betroffenen Person \u00fcberwiegen.<\/li>\n<\/ul>\n<p>Sofern eine der oben genannten Voraussetzungen gegeben ist und eine betroffene Person die Einschr\u00e4nkung von personenbezogenen Daten, die bei der Praxis Brandau gespeichert sind, verlangen m\u00f6chte, kann sie sich hierzu jederzeit an einen Mitarbeiter des f\u00fcr die Verarbeitung Verantwortlichen wenden. Der Mitarbeiter der Praxis Brandau wird die Einschr\u00e4nkung der Verarbeitung veranlassen.<\/p>\n<\/li>\n<li><strong>f) Recht auf Daten\u00fcbertragbarkeit<\/strong> \u2013\u00a0Jede von der Verarbeitung personenbezogener Daten betroffene Person hat das vom Europ\u00e4ischen Richtlinien- und Verordnungsgeber gew\u00e4hrte Recht, die sie betreffenden personenbezogenen Daten, welche durch die betroffene Person einem Verantwortlichen bereitgestellt wurden, in einem strukturierten, g\u00e4ngigen und maschinenlesbaren Format zu erhalten. Sie hat au\u00dferdem das Recht, diese Daten einem anderen Verantwortlichen ohne Behinderung durch den Verantwortlichen, dem die personenbezogenen Daten bereitgestellt wurden, zu \u00fcbermitteln, sofern die Verarbeitung auf der Einwilligung gem\u00e4\u00df Art. 6 Abs. 1 Buchstabe a DS-GVO oder Art. 9 Abs. 2 Buchstabe a DS-GVO oder auf einem Vertrag gem\u00e4\u00df Art. 6 Abs. 1 Buchstabe b DS-GVO beruht und die Verarbeitung mithilfe automatisierter Verfahren erfolgt, sofern die Verarbeitung nicht f\u00fcr die Wahrnehmung einer Aufgabe erforderlich ist, die im \u00f6ffentlichen Interesse liegt oder in Aus\u00fcbung \u00f6ffentlicher Gewalt erfolgt, welche dem Verantwortlichen \u00fcbertragen wurde. Ferner hat die betroffene Person bei der Aus\u00fcbung ihres Rechts auf Daten\u00fcbertragbarkeit gem\u00e4\u00df Art. 20 Abs. 1 DS-GVO das Recht, zu erwirken, dass die personenbezogenen Daten direkt von einem Verantwortlichen an einen anderen Verantwortlichen \u00fcbermittelt werden, soweit dies technisch machbar ist und sofern hiervon nicht die Rechte und Freiheiten anderer Personen beeintr\u00e4chtigt werden. Zur Geltendmachung des Rechts auf Daten\u00fcbertragbarkeit kann sich die betroffene Person jederzeit an die\u00a0Praxis Brandau wenden.<\/li>\n<li><strong>g) Recht auf Widerspruch<\/strong> \u2013\u00a0Jede von der Verarbeitung personenbezogener Daten betroffene Person hat das vom Europ\u00e4ischen Richtlinien- und Verordnungsgeber gew\u00e4hrte Recht, aus Gr\u00fcnden, die sich aus ihrer besonderen Situation ergeben, jederzeit gegen die Verarbeitung sie betreffender personenbezogener Daten, die aufgrund von Art. 6 Abs. 1 Buchstaben e oder f DS-GVO erfolgt, Widerspruch einzulegen. Dies gilt auch f\u00fcr ein auf diese Bestimmungen gest\u00fctztes Profiling. Die Praxis Brandau verarbeitet die personenbezogenen Daten im Falle des Widerspruchs nicht mehr, es sei denn, wir k\u00f6nnen zwingende schutzw\u00fcrdige Gr\u00fcnde f\u00fcr die Verarbeitung nachweisen, die den Interessen, Rechten und Freiheiten der betroffenen Person \u00fcberwiegen, oder die Verarbeitung dient der Geltendmachung, Aus\u00fcbung oder Verteidigung von Rechtsanspr\u00fcchen. Verarbeitet die Praxis Brandau personenbezogene Daten, um Direktwerbung zu betreiben, so hat die betroffene Person das Recht, jederzeit Widerspruch gegen die Verarbeitung der personenbezogenen Daten zum Zwecke derartiger Werbung einzulegen. Dies gilt auch f\u00fcr das Profiling, soweit es mit solcher Direktwerbung in Verbindung steht. Widerspricht die betroffene Person gegen\u00fcber der Zitrusblau GmbH der Verarbeitung f\u00fcr Zwecke der Direktwerbung, so wird die Zitrusblau GmbH die personenbezogenen Daten nicht mehr f\u00fcr diese Zwecke verarbeiten. Zudem hat die betroffene Person das Recht, aus Gr\u00fcnden, die sich aus ihrer besonderen Situation ergeben, gegen die sie betreffende Verarbeitung personenbezogener Daten, die bei der Praxis Brandau zu wissenschaftlichen oder historischen Forschungszwecken oder zu statistischen Zwecken gem\u00e4\u00df Art. 89 Abs. 1 DS-GVO erfolgen, Widerspruch einzulegen, es sei denn, eine solche Verarbeitung ist zur Erf\u00fcllung einer im \u00f6ffentlichen Interesse liegenden Aufgabe erforderlich. Zur Aus\u00fcbung des Rechts auf Widerspruch kann sich die betroffene Person direkt an die Praxis Brandau wenden. Der betroffenen Person steht es ferner frei, im Zusammenhang mit der Nutzung von Diensten der Informationsgesellschaft, ungeachtet der Richtlinie 2002\/58\/EG, ihr Widerspruchsrecht mittels automatisierter Verfahren auszu\u00fcben, bei denen technische Spezifikationen verwendet werden.<\/li>\n<li><strong>h) Automatisierte Entscheidungen im Einzelfall einschlie\u00dflich Profiling<\/strong> \u2013\u00a0Jede von der Verarbeitung personenbezogener Daten betroffene Person hat das vom Europ\u00e4ischen Richtlinien- und Verordnungsgeber gew\u00e4hrte Recht, nicht einer ausschlie\u00dflich auf einer automatisierten Verarbeitung \u2014 einschlie\u00dflich Profiling \u2014 beruhenden Entscheidung unterworfen zu werden, die ihr gegen\u00fcber rechtliche Wirkung entfaltet oder sie in \u00e4hnlicher Weise erheblich beeintr\u00e4chtigt, sofern die Entscheidung (1) nicht f\u00fcr den Abschluss oder die Erf\u00fcllung eines Vertrags zwischen der betroffenen Person und dem Verantwortlichen erforderlich ist, oder (2) aufgrund von Rechtsvorschriften der Union oder der Mitgliedstaaten, denen der Verantwortliche unterliegt, zul\u00e4ssig ist und diese Rechtsvorschriften angemessene Ma\u00dfnahmen zur Wahrung der Rechte und Freiheiten sowie der berechtigten Interessen der betroffenen Person enthalten oder (3) mit ausdr\u00fccklicher Einwilligung der betroffenen Person erfolgt. Ist die Entscheidung (1) f\u00fcr den Abschluss oder die Erf\u00fcllung eines Vertrags zwischen der betroffenen Person und dem Verantwortlichen erforderlich oder (2) erfolgt sie mit ausdr\u00fccklicher Einwilligung der betroffenen Person, trifft die Zitrusblau GmbH angemessene Ma\u00dfnahmen, um die Rechte und Freiheiten sowie die berechtigten Interessen der betroffenen Person zu wahren, wozu mindestens das Recht auf Erwirkung des Eingreifens einer Person seitens des Verantwortlichen, auf Darlegung des eigenen Standpunkts und auf Anfechtung der Entscheidung geh\u00f6rt. M\u00f6chte die betroffene Person Rechte mit Bezug auf automatisierte Entscheidungen geltend machen, kann sie sich hierzu jederzeit an einen Mitarbeiter des f\u00fcr die Verarbeitung Verantwortlichen wenden.<\/li>\n<li><strong>i) Recht auf Widerruf einer datenschutzrechtlichen Einwilligung<\/strong> \u2013\u00a0Jede von der Verarbeitung personenbezogener Daten betroffene Person hat das vom Europ\u00e4ischen Richtlinien- und Verordnungsgeber gew\u00e4hrte Recht, eine Einwilligung zur Verarbeitung personenbezogener Daten jederzeit zu widerrufen. M\u00f6chte die betroffene Person ihr Recht auf Widerruf einer Einwilligung geltend machen, kann sie sich hierzu jederzeit an einen Mitarbeiter des f\u00fcr die Verarbeitung Verantwortlichen wenden.<\/li>\n<\/ul>\n<h4>7. Datenschutzbestimmungen zu Einsatz und Verwendung von Google+<\/h4>\n<p>Der f\u00fcr die Verarbeitung Verantwortliche hat auf dieser Internetseite als Komponente die Google+ Schaltfl\u00e4che integriert. Google+ ist ein sogenanntes soziales Netzwerk. Ein soziales Netzwerk ist ein im Internet betriebener sozialer Treffpunkt, eine Online-Gemeinschaft, die es den Nutzern in der Regel erm\u00f6glicht, untereinander zu kommunizieren und im virtuellen Raum zu interagieren. Ein soziales Netzwerk kann als Plattform zum Austausch von Meinungen und Erfahrungen dienen oder erm\u00f6glicht es der Internetgemeinschaft, pers\u00f6nliche oder unternehmensbezogene Informationen bereitzustellen. Google+ erm\u00f6glicht den Nutzern des sozialen Netzwerkes unter anderem die Erstellung von privaten Profilen, den Upload von Fotos und eine Vernetzung \u00fcber Freundschaftsanfragen. Betreibergesellschaft von Google+ ist die Google Inc., 1600 Amphitheatre Pkwy, Mountain View, CA 94043-1351, USA. Durch jeden Aufruf einer der Einzelseiten dieser Internetseite, die durch den f\u00fcr die Verarbeitung Verantwortlichen betrieben wird und auf welcher eine Google+ Schaltfl\u00e4che integriert wurde, wird der Internetbrowser auf dem informationstechnologischen System der betroffenen Person automatisch durch die jeweilige Google+ Schaltfl\u00e4che veranlasst, eine Darstellung der entsprechenden Google+ Schaltfl\u00e4che von Google herunterzuladen. Im Rahmen dieses technischen Verfahrens erh\u00e4lt Google Kenntnis dar\u00fcber, welche konkrete Unterseite unserer Internetseite durch die betroffene Person besucht wird. Genauere Informationen zu Google+ sind unter https:\/\/developers.google.com\/+\/ abrufbar. Sofern die betroffene Person gleichzeitig bei Google+ eingeloggt ist, erkennt Google mit jedem Aufruf unserer Internetseite durch die betroffene Person und w\u00e4hrend der gesamten Dauer des jeweiligen Aufenthaltes auf unserer Internetseite, welche konkrete Unterseite unserer Internetseite die betroffene Person besucht. Diese Informationen werden durch die Google+ Schaltfl\u00e4che gesammelt und durch Google dem jeweiligen Google+-Account der betroffenen Person zugeordnet. Bet\u00e4tigt die betroffene Person einen der auf unserer Internetseite integrierten Google+-Buttons und gibt damit eine Google+1 Empfehlung ab, ordnet Google diese Information dem pers\u00f6nlichen Google+-Benutzerkonto der betroffenen Person zu und speichert diese personenbezogenen Daten. Google speichert die Google+1-Empfehlung der betroffenen Person und macht diese in \u00dcbereinstimmung mit den von der betroffenen Person diesbez\u00fcglich akzeptierten Bedingungen \u00f6ffentlich zug\u00e4nglich. Eine von der betroffenen Person auf dieser Internetseite abgegebene Google+1-Empfehlung wird in der Folge zusammen mit anderen personenbezogenen Daten, wie dem Namen des von der betroffenen Person genutzten Google+1-Accounts und dem in diesem hinterlegten Foto in anderen Google-Diensten, beispielsweise den Suchmaschinenergebnissen der Google-Suchmaschine, dem Google-Konto der betroffenen Person oder an sonstigen Stellen, beispielsweise auf Internetseiten oder im Zusammenhang mit Werbeanzeigen, gespeichert und verarbeitet. Ferner ist Google in der Lage, den Besuch auf dieser Internetseite mit anderen bei Google gespeicherten personenbezogenen Daten zu verkn\u00fcpfen. Google zeichnet diese personenbezogenen Informationen ferner mit dem Zweck auf, die unterschiedlichen Dienste von Google zu verbessern oder zu optimieren. Google erh\u00e4lt \u00fcber die Google+-Schaltfl\u00e4che immer dann eine Information dar\u00fcber, dass die betroffene Person unsere Internetseite besucht hat, wenn die betroffene Person zum Zeitpunkt des Aufrufs unserer Internetseite gleichzeitig bei Google+ eingeloggt ist; dies findet unabh\u00e4ngig davon statt, ob die betroffene Person die Google+-Schaltfl\u00e4che anklickt oder nicht. Ist eine \u00dcbermittlung personenbezogener Daten an Google von der betroffenen Person nicht gewollt, kann diese eine solche \u00dcbermittlung dadurch verhindern, dass sie sich vor einem Aufruf unserer Internetseite aus ihrem Google+-Account ausloggt. Weitere Informationen und die geltenden Datenschutzbestimmungen von Google k\u00f6nnen unter https:\/\/www.google.de\/intl\/de\/policies\/privacy\/ abgerufen werden. Weitere Hinweise von Google zur Google+1-Schaltfl\u00e4che k\u00f6nnen unter https:\/\/developers.google.com\/+\/web\/buttons-policy abgerufen werden.<\/p>\n<h4>8. Verwendung von Scriptbibliotheken (Google Webfonts)<\/h4>\n<p>Um unsere Inhalte browser\u00fcbergreifend korrekt und grafisch ansprechend darzustellen, verwenden wir auf dieser Website Scriptbibliotheken und Schriftbibliotheken wie z. B. Google Webfonts (<a href=\"http:\/\/www.google.com\/webfonts\/\">https:\/\/www.google.com\/webfonts\/<\/a>). Google Webfonts werden zur Vermeidung mehrfachen Ladens in den Cache Ihres Browsers \u00fcbertragen. Falls der Browser die Google Webfonts nicht unterst\u00fctzt oder den Zugriff unterbindet, werden Inhalte in einer Standardschrift angezeigt. Der Aufruf von Scriptbibliotheken oder Schriftbibliotheken l\u00f6st automatisch eine Verbindung zum Betreiber der Bibliothek aus. Dabei ist es theoretisch m\u00f6glich \u2013 aktuell allerdings auch unklar ob und ggf. zu welchen Zwecken \u2013 dass Betreiber entsprechender Bibliotheken Daten erheben. Die Datenschutzrichtlinie des Bibliothekbetreibers Google finden Sie hier: <a href=\"https:\/\/www.google.com\/policies\/privacy\/\">https:\/\/www.google.com\/policies\/privacy\/<\/a><\/p>\n<h4>9. Datenschutzbestimmungen zu Einsatz und Verwendung von Matomo<\/h4>\n<p>Der f\u00fcr die Verarbeitung Verantwortliche hat auf dieser Internetseite die Komponente Matomo integriert. Matomo ist ein Open-Source-Softwaretool zur Web-Analyse. Web-Analyse ist die Erhebung, Sammlung und Auswertung von Daten \u00fcber das Verhalten von Besuchern von Internetseiten. Ein Web-Analyse-Tool erfasst unter anderem Daten dar\u00fcber, von welcher Internetseite eine betroffene Person auf eine Internetseite gekommen ist (sogenannter Referrer), auf welche Unterseiten der Internetseite zugegriffen oder wie oft und f\u00fcr welche Verweildauer eine Unterseite betrachtet wurde. Eine Web-Analyse wird \u00fcberwiegend zur Optimierung einer Internetseite und zur Kosten-Nutzen-Analyse von Internetwerbung eingesetzt. Die Software wird auf dem Server des f\u00fcr die Verarbeitung Verantwortlichen betrieben, die datenschutzrechtlich sensiblen Logdateien werden ausschlie\u00dflich auf diesem Server gespeichert. Der Zweck der Matomo-Komponente ist die Analyse der Besucherstr\u00f6me auf unserer Internetseite. Der f\u00fcr die Verarbeitung Verantwortliche nutzt die gewonnenen Daten und Informationen unter anderem dazu, die Nutzung dieser Internetseite auszuwerten, um Online-Reports, welche die Aktivit\u00e4ten auf unseren Internetseiten aufzeigen, zusammenzustellen. Matomo setzt ein Cookie auf dem informationstechnologischen System der betroffenen Person. Was Cookies sind, wurde oben bereits erl\u00e4utert. Mit der Setzung des Cookies wird uns eine Analyse der Benutzung unserer Internetseite erm\u00f6glicht. Durch jeden Aufruf einer der Einzelseiten dieser Internetseite wird der Internetbrowser auf dem informationstechnologischen System der betroffenen Person automatisch durch die Matomo-Komponente veranlasst, Daten zum Zwecke der Online-Analyse an unseren Server zu \u00fcbermitteln. Im Rahmen dieses technischen Verfahrens erhalten wir Kenntnis \u00fcber personenbezogene Daten, wie der IP-Adresse der betroffenen Person, die uns unter anderem dazu dient, die Herkunft der Besucher und Klicks nachzuvollziehen. Mittels des Cookies werden personenbezogene Informationen, beispielsweise die Zugriffszeit, der Ort, von welchem ein Zugriff ausging und die H\u00e4ufigkeit der Besuche auf unserer Internetseite gespeichert. Bei jedem Besuch unserer Internetseiten werden diese personenbezogenen Daten, einschlie\u00dflich der IP-Adresse des von der betroffenen Person genutzten Internetanschlusses, an unseren Server \u00fcbertragen. Diese personenbezogenen Daten werden durch uns gespeichert. Wir geben diese personenbezogenen Daten nicht an Dritte weiter. Die betroffene Person kann die Setzung von Cookies durch unsere Internetseite, wie oben bereits dargestellt, jederzeit mittels einer entsprechenden Einstellung des genutzten Internetbrowsers verhindern und damit der Setzung von Cookies dauerhaft widersprechen. Eine solche Einstellung des genutzten Internetbrowsers w\u00fcrde auch verhindern, dass Matomo ein Cookie auf dem informationstechnologischen System der betroffenen Person setzt. Zudem kann ein von Matomo bereits gesetzter Cookie jederzeit \u00fcber einen Internetbrowser oder andere Softwareprogramme gel\u00f6scht werden. Ferner besteht f\u00fcr die betroffene Person die M\u00f6glichkeit, einer Erfassung der durch den Matomo erzeugten, auf eine Nutzung dieser Internetseite bezogenen Daten zu widersprechen und eine solche zu verhindern. Hierzu muss die betroffene Person ein Opt-Out-Cookie setzen. Wird das informationstechnologische System der betroffenen Person zu einem sp\u00e4teren Zeitpunkt gel\u00f6scht, formatiert oder neu installiert, muss die betroffene Person erneut einen Opt-Out-Cookie setzen. Mit der Setzung des Opt-Out-Cookies besteht jedoch die M\u00f6glichkeit, dass die Internetseiten des f\u00fcr die Verarbeitung Verantwortlichen f\u00fcr die betroffene Person nicht mehr vollumf\u00e4nglich nutzbar sind. Weitere Informationen und die geltenden Datenschutzbestimmungen von Matomo k\u00f6nnen unter https:\/\/matomo.org\/privacy\/ abgerufen werden.<\/p>\n<h4>10. Rechtsgrundlage der Verarbeitung<\/h4>\n<p>Art. 6 I lit. a DS-GVO dient unserem Unternehmen als Rechtsgrundlage f\u00fcr Verarbeitungsvorg\u00e4nge, bei denen wir eine Einwilligung f\u00fcr einen bestimmten Verarbeitungszweck einholen. Ist die Verarbeitung personenbezogener Daten zur Erf\u00fcllung eines Vertrags, dessen Vertragspartei die betroffene Person ist, erforderlich, wie dies beispielsweise bei Verarbeitungsvorg\u00e4ngen der Fall ist, die f\u00fcr eine Lieferung von Waren oder die Erbringung einer sonstigen Leistung oder Gegenleistung notwendig sind, so beruht die Verarbeitung auf Art. 6 I lit. b DS-GVO. Gleiches gilt f\u00fcr solche Verarbeitungsvorg\u00e4nge die zur Durchf\u00fchrung vorvertraglicher Ma\u00dfnahmen erforderlich sind, etwa in F\u00e4llen von Anfragen zur unseren Produkten oder Leistungen. Unterliegt unser Unternehmen einer rechtlichen Verpflichtung durch welche eine Verarbeitung von personenbezogenen Daten erforderlich wird, wie beispielsweise zur Erf\u00fcllung steuerlicher Pflichten, so basiert die Verarbeitung auf Art. 6 I lit. c DS-GVO. In seltenen F\u00e4llen k\u00f6nnte die Verarbeitung von personenbezogenen Daten erforderlich werden, um lebenswichtige Interessen der betroffenen Person oder einer anderen nat\u00fcrlichen Person zu sch\u00fctzen. Dies w\u00e4re beispielsweise der Fall, wenn ein Besucher in unserem Betrieb verletzt werden w\u00fcrde und daraufhin sein Name, sein Alter, seine Krankenkassendaten oder sonstige lebenswichtige Informationen an einen Arzt, ein Krankenhaus oder sonstige Dritte weitergegeben werden m\u00fcssten. Dann w\u00fcrde die Verarbeitung auf Art. 6 I lit. d DS-GVO beruhen. Letztlich k\u00f6nnten Verarbeitungsvorg\u00e4nge auf Art. 6 I lit. f DS-GVO beruhen. Auf dieser Rechtsgrundlage basieren Verarbeitungsvorg\u00e4nge, die von keiner der vorgenannten Rechtsgrundlagen erfasst werden, wenn die Verarbeitung zur Wahrung eines berechtigten Interesses unseres Unternehmens oder eines Dritten erforderlich ist, sofern die Interessen, Grundrechte und Grundfreiheiten des Betroffenen nicht \u00fcberwiegen. Solche Verarbeitungsvorg\u00e4nge sind uns insbesondere deshalb gestattet, weil sie durch den Europ\u00e4ischen Gesetzgeber besonders erw\u00e4hnt wurden. Er vertrat insoweit die Auffassung, dass ein berechtigtes Interesse anzunehmen sein k\u00f6nnte, wenn die betroffene Person ein Kunde des Verantwortlichen ist (Erw\u00e4gungsgrund 47 Satz 2 DS-GVO).<\/p>\n<h4>11. Berechtigte Interessen an der Verarbeitung, die von dem Verantwortlichen oder einem Dritten verfolgt werden<\/h4>\n<p>Basiert die Verarbeitung personenbezogener Daten auf Artikel 6 I lit. f DS-GVO ist unser berechtigtes Interesse die Durchf\u00fchrung unserer Gesch\u00e4ftst\u00e4tigkeit zugunsten des Wohlergehens all unserer Mitarbeiter und unserer Anteilseigner.<\/p>\n<h4>12. Dauer, f\u00fcr die die personenbezogenen Daten gespeichert werden<\/h4>\n<p>Das Kriterium f\u00fcr die Dauer der Speicherung von personenbezogenen Daten ist die jeweilige gesetzliche Aufbewahrungsfrist. Nach Ablauf der Frist werden die entsprechenden Daten routinem\u00e4\u00dfig gel\u00f6scht, sofern sie nicht mehr zur Vertragserf\u00fcllung oder Vertragsanbahnung erforderlich sind.<\/p>\n<h4>13. Gesetzliche oder vertragliche Vorschriften zur Bereitstellung der personenbezogenen Daten; Erforderlichkeit f\u00fcr den Vertragsabschluss; Verpflichtung der betroffenen Person, die personenbezogenen Daten bereitzustellen; m\u00f6gliche Folgen der Nichtbereitstellung<\/h4>\n<p>Wir kl\u00e4ren Sie dar\u00fcber auf, dass die Bereitstellung personenbezogener Daten zum Teil gesetzlich vorgeschrieben ist (z.B. Steuervorschriften) oder sich auch aus vertraglichen Regelungen (z.B. Angaben zum Vertragspartner) ergeben kann. Mitunter kann es zu einem Vertragsschluss erforderlich sein, dass eine betroffene Person uns personenbezogene Daten zur Verf\u00fcgung stellt, die in der Folge durch uns verarbeitet werden m\u00fcssen. Die betroffene Person ist beispielsweise verpflichtet uns personenbezogene Daten bereitzustellen, wenn unser Unternehmen mit ihr einen Vertrag abschlie\u00dft. Eine Nichtbereitstellung der personenbezogenen Daten h\u00e4tte zur Folge, dass der Vertrag mit dem Betroffenen nicht geschlossen werden k\u00f6nnte. Vor einer Bereitstellung personenbezogener Daten durch den Betroffenen muss sich der Betroffene an einen unserer Mitarbeiter wenden. Unser Mitarbeiter kl\u00e4rt den Betroffenen einzelfallbezogen dar\u00fcber auf, ob die Bereitstellung der personenbezogenen Daten gesetzlich oder vertraglich vorgeschrieben oder f\u00fcr den Vertragsabschluss erforderlich ist, ob eine Verpflichtung besteht, die personenbezogenen Daten bereitzustellen, und welche Folgen die Nichtbereitstellung der personenbezogenen Daten h\u00e4tte.<\/p>\n<h4>14. Bestehen einer automatisierten Entscheidungsfindung<\/h4>\n<p>Als verantwortungsbewusstes Unternehmen verzichten wir auf eine automatische Entscheidungsfindung oder ein Profiling. Diese Datenschutzerkl\u00e4rung wurde durch den Datenschutzerkl\u00e4rungs-Generator von den <a href=\"https:\/\/dg-datenschutz.de\/\">datenschutz betriebsrat<\/a> in Kooperation mit der RC GmbH, die <a href=\"http:\/\/remarketing.company\/\">gebrauchte Notebooks<\/a> wiederverwertet und den <a href=\"https:\/\/www.wbs-law.de\/abmahnung-filesharing\/\">Filesharing Rechtsanw\u00e4lten<\/a> von WBS-LAW erstellt. Erg\u00e4nzt durch den Abschnitt <em>Google Fonts<\/em> von dem <a href=\"https:\/\/www.activemind.de\/datenschutz\/datenschutzhinweis-generator\/\"><em>Datenschutzerkl\u00e4rungs-Generator der activeMind AG erstellt<\/em><\/a><em>.<\/em><\/p>\n<p>[\/et_pb_text][\/et_pb_column][et_pb_column type=&#8220;1_2&#8243; _builder_version=&#8220;3.25&#8243; custom_padding=&#8220;|||&#8220; global_colors_info=&#8220;{}&#8220; custom_padding__hover=&#8220;|||&#8220;][et_pb_text _builder_version=&#8220;3.27.4&#8243; saved_tabs=&#8220;all&#8220; global_colors_info=&#8220;{}&#8220;]<\/p>\n<p>Thank you for your interest in our company. Data protection is particularly important to Praxis Brandau. The Internet pages of Praxis Brandau can be used without giving any personal data. However, if a data subject wishes to make use of special services of our company via our website, it may be necessary to process personal data. If the processing of personal data is necessary and there is no legal basis for such processing, we generally obtain the consent of the data subject.The processing of personal data, such as the name, address, e-mail address or telephone number of a data subject, is always carried out in accordance with the Basic Data Protection Regulation and in accordance with the country-specific data protection regulations applicable to Praxis Brandau. By means of this data protection declaration, our company would like to inform the public about the type, scope and purpose of the personal data collected, used and processed by us. Furthermore, data subjects will be informed of their rights by means of this data protection declaration.\u00a0As the person responsible for processing, Praxis Brandau has implemented numerous technical and organisational measures to ensure that the personal data processed via this website is protected as completely as possible. Nevertheless, Internet-based data transmissions can have security gaps, so that absolute protection cannot be guaranteed. For this reason, every person concerned is free to transmit personal data to us by alternative means, for example by telephone.<\/p>\n<h4>1 \u00a0Definitions<\/h4>\n<p>The data protection declaration of Praxis Brandau is based on the terms used by the European legislator for directives and regulations when the basic data protection regulation (DS-GVO) was issued. Our data protection declaration should be easy to read and understand both for the public and for our customers and business partners. To ensure this, we would like to explain the terms used in advance.\u00a0We use the following terms, among others, in this data protection declaration:<\/p>\n<ul>\n<li><strong>a) Personal data<\/strong> \u2013\u00a0Personal data are all information relating to an identified or identifiable natural person (hereinafter referred to as &#8222;data subject&#8220;). Identifiable is a natural person who can be identified directly or indirectly, in particular by assignment to an identifier such as a name, an identification number, location data, an online identifier or one or more special characteristics that express the physical, physiological, genetic, psychological, economic, cultural or social identity of that natural person.<\/li>\n<li><strong>b) Person concerned<\/strong>\u00a0\u2013 data subject means any identified or identifiable natural person whose personal data are processed by the controller.<\/li>\n<li><strong>c) Processing\u00a0<\/strong>\u2013 means any operation carried out with or without the aid of automated procedures or any such series of operations relating to personal data, such as the collection, collection, organisation, classification, storage, adaptation or alteration, retrieval, consultation, use, disclosure by transmission, dissemination or any other form of provision, reconciliation or linking, restriction, erasure or destruction.<\/li>\n<li><strong>d) Restriction of processeing\u00a0<\/strong>\u2013 Restriction of processing is the marking of stored personal data with the aim of restricting their future processing.<\/li>\n<li><strong>e) Profiling \u2013<\/strong>\u00a0is any automated processing of personal data consisting in the use of such personal data to evaluate certain personal aspects relating to a natural person, in particular to analyse or predict aspects relating to the work performance, economic situation, health, personal preferences, interests, reliability, behaviour, whereabouts or relocation of that natural person.<\/li>\n<li><strong>f) Pseudonymisation<\/strong>\u00a0\u2013 Pseudonymisation is the processing of personal data in such a way that the personal data can no longer be attributed to a specific data subject without the use of additional information, provided that this additional information is kept separately and is subject to technical and organisational measures to ensure that the personal data are not attributed to an identified or identifiable natural person.<\/li>\n<li><strong>g) The controller<\/strong> shall be the natural or legal person, authority, body or other body which alone or jointly with others decides on the purposes and means of processing personal data. Where the purposes and means of such processing are laid down by Union law or by the law of the Member States, the controller or the specific criteria for his appointment may be laid down in accordance with Union law or the law of the Member States.<\/li>\n<li><strong>h) Processor<\/strong>\u00a0\u2013 processor means a natural or legal person, authority, body or other body processing personal data on behalf of the controller.<\/li>\n<li><strong>i) Recipient<\/strong>\u00a0\u2013 is a natural or legal person, authority, institution or other body to which personal data is disclosed, regardless of whether it is a third party or not. However, authorities which may receive personal data under Union law or the law of the Member States within the framework of a particular investigation mandate shall not be regarded as recipients.<\/li>\n<li><strong>j) a third party<\/strong> is a natural or legal person, authority, institution or other body other than the data subject, the data processor, the data processor and the persons authorised to process the personal data under the direct responsibility of the data processor or the data processor.<\/li>\n<li><strong>k) Consent<\/strong> \u2013 Consent shall mean any informed and unequivocal expression of consent voluntarily given by the data subject for the particular case in the form of a declaration or other clear affirmative act with which the data subject indicates his or her consent to the processing of personal data concerning him or her.<\/li>\n<\/ul>\n<h4><span style=\"color: #333333; font-size: 18px;\">2 \u00a0\u00a0<\/span>Name and address of the controller<\/h4>\n<p>The person responsible within the meaning of the Basic Data Protection Regulation, other data protection laws in force in the Member States of the European Union and other provisions of a data protection nature is: PRAXIS BRANDAU, Owner: Susanne Brandau, Specialist for Psychotherapy &amp; Psychiatry, Borsigstr. 4, 10115 Berlin, Germany, Phone: 030-28884076, E-mail: <span>mail@praxisbrandau.de<\/span>, Website: www.praxisbrandau.de<\/p>\n<h4>3 Cookies<\/h4>\n<p>The Internet pages of Praxis Brandau use cookies. Cookies are text files which are stored on a computer system via an Internet browser. Many websites and servers use cookies. Many cookies contain a so-called cookie ID. A cookie ID is a unique identifier of the cookie. It consists of a string of characters through which Internet pages and servers can be assigned to the specific Internet browser in which the cookie was stored. This enables the visited Internet pages and servers to distinguish the individual browser of the person concerned from other Internet browsers that contain other cookies. A particular Internet browser can be recognized and identified by its unique cookie ID.\u00a0By using cookies, Praxis Brandau can provide users of this website with more user-friendly services that would not be possible without cookies.\u00a0By means of a cookie, the information and offers on our website can be optimized for the user. Cookies enable us, as already mentioned, to recognize the users of our website. The purpose of this recognition is to make it easier for users to use our website. For example, the user of a website that uses cookies does not have to re-enter his access data each time he visits the website because this is taken over by the website and the cookie stored on the user&#8217;s computer system. The person concerned can prevent the setting of cookies by our website at any time by means of an appropriate setting of the Internet browser used and thus permanently object to the setting of cookies. Furthermore, cookies that have already been set can be deleted at any time via an Internet browser or other software programs. This is possible in all common internet browsers. If the person concerned deactivates the setting of cookies in the Internet browser used, not all functions of our Internet site may be fully usable.<\/p>\n<h4>4 \u00a0Collection of general data and information<\/h4>\n<p>The website of Praxis Brandau collects a series of general data and information each time a person or an automated system accesses the website. This general data and information is stored in the log files of the server. We may record (1) the browser types and versions used, (2) the operating system used by the accessing system, (3) the website from which an accessing system reaches our website (so-called referrer), (4) the subwebsites which are accessed via an accessing system on our website, (5) the date and time of access to the Website, (6) an Internet Protocol address (IP address), (7) the Internet service providers of the accessing system, and (8) other similar data and information used for security purposes in the event of attacks on our information technology systems.<\/p>\n<p>When using this general data and information, Praxis Brandau does not draw any conclusions about the person concerned. Rather, this information is required to (1) correctly deliver the contents of our website, (2) optimize the contents of our website and the advertising for it, (3) ensure the permanent functionality of our information technology systems and the technology of our website, and (4) provide law enforcement authorities with the information necessary for criminal prosecution in the event of a cyber attack. These anonymously collected data and information are therefore evaluated statistically by Praxis Brandau on the one hand and also with the aim of increasing data protection and data security in our company in order ultimately to ensure an optimum level of protection for the personal data processed by us. The anonymous data of the server log files are stored separately from all personal data provided by a person concerned.<\/p>\n<h4>5 \u00a0Routine deletion and blocking of personal data<\/h4>\n<p>The controller shall process and store the personal data of the data subject only for the time necessary to achieve the data retention purpose or to the extent provided for by the European regulator or other legislator in laws or regulations to which the controller is subject.\u00a0If the storage purpose ceases to apply or if a storage period prescribed by the European Directive and Regulation Giver or another competent legislator expires, the personal data is routinely blocked or deleted in accordance with the statutory provisions.<\/p>\n<h4>6 \u00a0Rights of the data subject<\/h4>\n<ul>\n<li><strong>a) Right of confirmation<\/strong> \u2013 Any data subject shall have the right granted by the European legislator of directives and regulations to require the controller to confirm whether personal data concerning him or her are being processed. If a data subject wishes to exercise this right of confirmation, he may contact an employee of the controller at any time.<\/li>\n<li><strong>b) Right of access<\/strong> \u2013\u00a0Any person concerned by the processing of personal data shall have the right granted by the European legislator of directives and regulations to obtain, at any time and free of charge, information from the controller concerning the personal data relating to him\/her stored and a copy of that information. Furthermore, the European regulator has granted the data subject the following information:\n<ul>\n<li>the processing purposes<\/li>\n<li>the categories of personal data to be processed<\/li>\n<li>the recipients or categories of recipients to whom the personal data have been or are still being disclosed, in particular recipients in third countries or international organisations<\/li>\n<li>if possible, the planned duration for which the personal data will be stored or, if this is not possible, the criteria for determining this duration<\/li>\n<li>the existence of a right of rectification or deletion of personal data concerning him or of a restriction on processing by the controller or of a right of opposition to such processing<\/li>\n<li>&#8211; the existence of a right of appeal to a supervisory authority<\/li>\n<li>if the personal data is not collected from the data subject: All available information about the origin of the datthe existence of automated decision-making, including profiling in accordance with Article 22(1) and (4) DS-GMO and, at least in these cases, meaningful information on the logic involved and the scope and intended effects of such processing for the data subject<\/li>\n<li>Furthermore, the data subject has a right of access to information as to whether personal data have been transferred to a third country or to an international organisation. If this is the case, the data subject also has the right to obtain information on the appropriate guarantees in connection with the transfer.<\/li>\n<li>If a data subject wishes to exercise this right of access, he may contact an employee of the controller at any time.<\/li>\n<\/ul>\n<\/li>\n<li><strong>c) Right of rectification<\/strong> \u2013 Any data subject to the processing of personal data shall have the right granted by the European legislator of directives and regulations to request the immediate rectification of inaccurate personal data concerning him\/her. Furthermore, taking into account the purposes of the processing, the data subject has the right to request the completion of incomplete personal data, including by means of a supplementary declaration.<\/li>\n<li><strong><strong>d)<\/strong>\u00a0Rig<\/strong><span style=\"font-weight: 500;\"><strong>ht of erasure (right to be forgotten)<\/strong><\/span>\u00a0\u2013 Any person data subject to the processing of personal data shall have the right granted by the European legislator of directives and regulations to require the controller to erase personal data relating to him\/her without delay, provided that one of the following reasons applies and insofar as the processing is not necessary:\n<ul>\n<li>The personal data have been collected or otherwise processed for such purposes for which they are no longer necessary.<\/li>\n<li>The data subject withdraws his\/her consent on which the processing was based pursuant to Article 6(1)(a) DS-GMO or Article 9(2)(a) DS-GVO, and there is no other legal basis for the processing.<\/li>\n<li>The data subject opposes processing under Article 21(1) DS-GVO and there are no overriding legitimate grounds for processing or the data subject opposes processing under Article 21(2) DS-GVO.<\/li>\n<li>The personal data have been processed unlawfully.<\/li>\n<li>The deletion of personal data is necessary to fulfil a legal obligation under Union law or the law of the Member States to which the data controller is subject.<\/li>\n<li>The personal data was collected in relation to information society services offered in accordance with Art. 8 para. 1 DS-GVO.<\/li>\n<\/ul>\n<\/li>\n<\/ul>\n<p>If one of the above-mentioned reasons applies and a data subject wishes to have personal data stored at Praxis Brandau deleted, he or she may contact an employee of the controller at any time. The employee of Praxis Brandau will arrange for the request for deletion to be complied with immediately.\u00a0If the personal data have been made public by Praxis Brandau and if our company as the person responsible is obliged to delete the personal data in accordance with Art. 17 para. 1 DS-GVO, Praxis Brandau will take appropriate measures, including technical measures, taking into account the available technology and the implementation costs, to inform other persons responsible for data processing who process the published personal data, that the person concerned has requested that all links to this personal data or copies or replications of this personal data be deleted by these other persons responsible for data processing, insofar as processing is not necessary. The employee of Praxis Brandau will take the necessary steps in individual cases.<\/p>\n<ul>\n<li><strong>e) Right of restriction on processing<\/strong>\u00a0\u2013\u00a0Any data subject shall have the right granted by the European legislator of directives and regulations to require the controller to restrict processing if one of the following conditions is met:\n<ul>\n<li>The accuracy of the personal data is disputed by the data subject for a period that enables the data controller to verify the accuracy of the personal data.<\/li>\n<li>The processing is unlawful, the data subject refuses to delete the personal data and instead requests that the use of the personal data be restricted.<\/li>\n<li>The data controller no longer needs the personal data for the purposes of the processing, but the data subject needs them to assert, exercise or defend legal claims.<\/li>\n<li>The data subject has lodged an objection to the processing pursuant to Art. 21 para. 1 DS-GMO and it has not yet been determined whether the legitimate reasons of the data subject outweigh those of the data subject.<\/li>\n<\/ul>\n<\/li>\n<li>If one of the above conditions is fulfilled and a data subject wishes to request the restriction of personal data stored at Praxis Brandau, he or she may contact an employee of the controller at any time. The employee of the Brandau practice will arrange for processing to be restricted.<\/li>\n<li><strong>f) Right of transferability of data<\/strong>\u00a0\u2013 Any data subject shall have the right granted by the European legislator to receive in a structured, standard and machine-readable format the personal data concerning him\/her which have been provided by the data subject to a controller. It shall also have the right to transmit such data to another data controller without obstruction by the controller to whom the personal data have been made available, provided that the processing is based on the consent provided for in Article 6(1)(a) DS-GVO or Article 9(2)(a) DS-GVO or on a contract in accordance with Article 6(1)(b) DS-GVO and that the processing is carried out using automated procedures, unless the processing is necessary for the performance of a task in the public interest or in the exercise of public authority conferred on the data controller.<\/li>\n<li><strong>g) Right of opposition<\/strong> \u2013 Any person data subject to the processing of personal data has the right granted by the European legislator of directives and regulations to object at any time, for reasons arising from their particular situation, to the processing of personal data concerning them on the basis of Article 6(1)(e) or (f) DS-GMO. This also applies to profiling based on these provisions. \u00a0In the event of an objection, Praxis Brandau will no longer process the personal data, unless we can prove compelling reasons worthy of protection for the processing, which outweigh the interests, rights and freedoms of the data subject, or the processing serves to assert, exercise or defend legal claims.If the Praxis Brandau processes personal data in order to carry out direct advertising, the data subject has the right to object at any time to the processing of personal data for the purpose of such advertising. This also applies to profiling insofar as it is connected with such direct advertising. If the data subject objects to the Brandau practice processing for direct advertising purposes, the Brandau practice will no longer process the personal data for these purposes.<br \/>Furthermore, the data subject has the right to object to the processing of personal data concerning him\/her which is carried out at Praxis Brandau for scientific or historical research purposes or for statistical purposes in accordance with Art. 89 para. 1 DS-GMO, for reasons arising from his particular situation, unless such processing is necessary to fulfil a task in the public interest.<br \/>In order to exercise the right of objection, the person concerned may directly contact any employee of the Brandau practice or any other employee. The data subject shall also be free to exercise his right of opposition in relation to the use of information society services by means of automated procedures using technical specifications, notwithstanding Directive 2002\/58\/EC.<\/li>\n<li><strong>h) Automated decisions on case-by-case basis, including profiling<\/strong>\u00a0\u2013 Any data subject shall have the right granted by the European legislator of directives and regulations not to be subject to a decision based exclusively on automated processing, including profiling, which has legal effect against it or significantly affects it in a similar manner, provided that the decision (1) is not necessary for the conclusion or performance of a contract between the data subject and the data controller, or (2) is admissible under Union or Member State law to which the data controller is subject and that such law contains appropriate measures to safeguard the rights, freedoms and legitimate interests of the data subject, or (3) with the express consent of the data subject.\u00a0Where the decision (1) is necessary for the conclusion or performance of a contract between the data subject and the data controller or (2) is taken with the express consent of the data subject, the Brandau practice shall take appropriate measures to safeguard the rights, freedoms and legitimate interests of the data subject, including at least the right to obtain the intervention of a data controller, to state his own position and to challenge the decision.\u00a0If the data subject wishes to assert rights relating to automated decisions, he or she may contact an employee of the controller at any time.<\/li>\n<li><strong>i) Right to revoke consent under data protection law<\/strong> \u2013 Any person concerned by the processing of personal data has the right granted by the European legislator of directives and regulations to revoke consent to the processing of personal data at any time. If the data subject wishes to exercise his\/her right to withdraw his\/her consent, he\/she may contact an employee of the controller at any time.<\/li>\n<\/ul>\n<h4>7 \u00a0Privacy policy for the use of Google+<\/h4>\n<p>The data controller has integrated the Google+ button as a component on this website. Google+ is a so-called social network. A social network is an Internet-based social meeting place, an online community that usually enables users to communicate with each other and interact in virtual space. A social network can serve as a platform for the exchange of opinions and experiences or enables the Internet community to provide personal or company-related information. Google+ enables users of the social network to create private profiles, upload photos and network via friendship requests, among other things.\u00a0Google+ is operated by Google Inc, 1600 Amphitheatre Pkwy, Mountain View, CA 94043-1351, USA.\u00a0Each time one of the individual pages of this website is called up, which is operated by the person responsible for processing and on which a Google+ button has been integrated, the Internet browser on the information technology system of the person concerned is automatically prompted by the respective Google+ button to download a representation of the corresponding Google+ button from Google. As part of this technical procedure, Google is informed about which specific subpage of our website is visited by the person concerned. More detailed information about Google+ is available at https:\/\/developers.google.com\/+\/.\u00a0If the person concerned is logged in to Google+ at the same time, every time the person concerned visits our website and for the entire duration of the respective stay on our website, Google recognises which specific subpage of our website the person concerned visits. This information is collected by the Google+ button and assigned by Google to the respective Google+ account of the person concerned.\u00a0If the person concerned clicks one of the Google+ buttons integrated on our website and thereby makes a Google+1 recommendation, Google assigns this information to the personal Google+ user account of the person concerned and stores this personal data. Google stores the Google+1 recommendation of the person concerned and makes it publicly available in accordance with the conditions accepted by the person concerned. A Google+1 recommendation made by the person concerned on this website will subsequently be stored and processed together with other personal data, such as the name of the Google+1 account used by the person concerned and the photo stored in this account in other Google services, such as the search engine results of the Google search engine, the Google account of the person concerned or in other places, such as on websites or in connection with advertisements. Furthermore, Google is able to link the visit to this website with other personal data stored by Google. Google also records this personal information for the purpose of improving or optimising the various services provided by Google.\u00a0The Google+ button will always inform Google that the person concerned has visited our website if the person concerned is logged in to Google+ at the same time as accessing our website; this happens regardless of whether the person concerned clicks the Google+ button or not.\u00a0If the person concerned does not want his or her personal data to be transmitted to Google, he or she can prevent such transmission by logging out of his or her Google+ account before calling up our website.<\/p>\n<p>Further information and Google&#8217;s current privacy policy can be found at https:\/\/www.google.de\/intl\/de\/policies\/privacy\/<\/p>\n<h4>8 \u00a0Use of script libraries (Google Web Fonts)<\/h4>\n<p>In order to present our contents correctly and graphically appealing across all browsers, we use script libraries and font libraries such as Google Web Fonts (<a href=\"http:\/\/www.google.com\/webfonts\/\">https:\/\/www.google.com\/webfonts\/<\/a>)\u00a0on this website. Google Web Fonts are transferred to your browser&#8217;s cache to avoid multiple loading. If your browser does not support Google Web Fonts or does not allow access, content will be displayed in a default font. Calling script libraries or font libraries automatically triggers a connection to the library operator. In theory, it is possible &#8211; but currently also unclear whether and, if so, for what purposes &#8211; that operators of corresponding libraries collect data.\u00a0The privacy policy of the library operator Google can be found here:\u00a0<a href=\"https:\/\/www.google.com\/policies\/privacy\/\">https:\/\/www.google.com\/policies\/privacy\/<\/a><\/p>\n<h4>9 \u00a0Data protection regulations regarding the use and application of Matomo<\/h4>\n<p>The controller has integrated the Matomo component on this website. Matomo is an open source software tool for web analysis. Web analysis is the collection, collection and evaluation of data on the behaviour of visitors to Internet sites. A web analysis tool collects, among other things, data on which website a person concerned came to a website (so-called referrer), which subpages of the website were accessed or how often and for how long a subpage was viewed. A web analysis is mainly used to optimize a website and for cost-benefit analysis of Internet advertising.\u00a0The software is operated on the server of the person responsible for the processing; the data protection-sensitive log files are stored exclusively on this server.\u00a0The purpose of the Matomo component is to analyse the flow of visitors to our website. The data controller uses the data and information obtained to evaluate the use of this website in order to compile online reports showing the activities on our website.\u00a0Matomo places a cookie on the information technology system of the person concerned. What cookies are has already been explained above. By setting the cookie, we are able to analyse the use of our website. Each time one of the individual pages of this website is called up, the Internet browser on the information technology system of the person concerned is automatically caused by the Matomo component to transmit data to our server for the purpose of online analysis. As part of this technical procedure, we obtain knowledge of personal data, such as the IP address of the person concerned, which among other things serves us to trace the origin of visitors and clicks.\u00a0Cookies are used to store personal information, such as access time, the location from which access originated and the frequency of visits to our website. Whenever you visit our website, this personal data, including the IP address of the Internet connection used by the person concerned, is transmitted to our server. This personal data is stored by us. We do not pass this personal data on to third parties.\u00a0The person concerned can prevent the setting of cookies by our website at any time, as already described above, by means of an appropriate setting of the Internet browser used and thus permanently object to the setting of cookies. Such a setting of the Internet browser used would also prevent Matomo from placing a cookie on the information technology system of the person concerned. In addition, a cookie already set by Matomo can be deleted at any time via an Internet browser or other software programs.\u00a0Furthermore, the data subject has the possibility to object to the collection of data generated by the Matomo relating to the use of this website and to prevent such collection. To do this, the person concerned must set an opt-out cookie. If the person&#8217;s information technology system is deleted, formatted or reinstalled at a later date, the person concerned must set an opt-out cookie again.\u00a0With the setting of the opt-out cookie, however, it is possible that the Internet pages of the data controller may no longer be fully usable by the data subject.\u00a0You can decide here whether a unique web analysis cookie may be stored in your browser to enable the operator of the website to collect and analyze various statistical data.<\/p>\n<h4>10 \u00a0Legal basis of the processing<\/h4>\n<p>Art. 6 I lit. a DS-GVO dient unserem Unternehmen als Rechtsgrundlage f\u00fcr Verarbeitungsvorg\u00e4nge, bei denen wir eine Einwilligung f\u00fcr einen bestimmten Verarbeitungszweck einholen. Ist die Verarbeitung personenbezogener Daten zur Erf\u00fcllung eines Vertrags, dessen Vertragspartei die betroffene Person ist, erforderlich, wie dies beispielsweise bei Verarbeitungsvorg\u00e4ngen der Fall ist, die f\u00fcr eine Lieferung von Waren oder die Erbringung einer sonstigen Leistung oder Gegenleistung notwendig sind, so beruht die Verarbeitung auf Art. 6 I lit. b DS-GVO. Gleiches gilt f\u00fcr solche Verarbeitungsvorg\u00e4nge die zur Durchf\u00fchrung vorvertraglicher Ma\u00dfnahmen erforderlich sind, etwa in F\u00e4llen von Anfragen zur unseren Produkten oder Leistungen. Unterliegt unser Unternehmen einer rechtlichen Verpflichtung durch welche eine Verarbeitung von personenbezogenen Daten erforderlich wird, wie beispielsweise zur Erf\u00fcllung steuerlicher Pflichten, so basiert die Verarbeitung auf Art. 6 I lit. c DS-GVO. In seltenen F\u00e4llen k\u00f6nnte die Verarbeitung von personenbezogenen Daten erforderlich werden, um lebenswichtige Interessen der betroffenen Person oder einer anderen nat\u00fcrlichen Person zu sch\u00fctzen. Dies w\u00e4re beispielsweise der Fall, wenn ein Besucher in unserem Betrieb verletzt werden w\u00fcrde und daraufhin sein Name, sein Alter, seine Krankenkassendaten oder sonstige lebenswichtige Informationen an einen Arzt, ein Krankenhaus oder sonstige Dritte weitergegeben werden m\u00fcssten. Dann w\u00fcrde die Verarbeitung auf Art. 6 I lit. d DS-GVO beruhen. Letztlich k\u00f6nnten Verarbeitungsvorg\u00e4nge auf Art. 6 I lit. f DS-GVO beruhen. Auf dieser Rechtsgrundlage basieren Verarbeitungsvorg\u00e4nge, die von keiner der vorgenannten Rechtsgrundlagen erfasst werden, wenn die Verarbeitung zur Wahrung eines berechtigten Interesses unseres Unternehmens oder eines Dritten erforderlich ist, sofern die Interessen, Grundrechte und Grundfreiheiten des Betroffenen nicht \u00fcberwiegen. Solche Verarbeitungsvorg\u00e4nge sind uns insbesondere deshalb gestattet, weil sie durch den Europ\u00e4ischen Gesetzgeber besonders erw\u00e4hnt wurden. Er vertrat insoweit die Auffassung, dass ein berechtigtes Interesse anzunehmen sein k\u00f6nnte, wenn die betroffene Person ein Kunde des Verantwortlichen ist (Erw\u00e4gungsgrund 47 Satz 2 DS-GVO).<\/p>\n<h4>11 \u00a0Legitimate interests in the processing pursued by the controller or a third party<\/h4>\n<p>If the processing of personal data is based on Article 6 I lit. f DS-GVO, it is in our legitimate interest to conduct our business for the well-being of all our employees and our shareholders.<\/p>\n<h4>12\u00a0 Duration for which the personal data is stored<\/h4>\n<p>The criterion for the duration of the storage of personal data is the respective legal retention period. After the expiry of this period, the corresponding data will be routinely deleted, provided that it is no longer necessary for the fulfilment or initiation of the contract.<\/p>\n<h4>13 \u00a0Legal or contractual provisions for the provision of personal data; necessity for the conclusion of the contract; obligation of the data subject to provide the personal data; possible consequences of failure to provide them<\/h4>\n<p>We inform you that the provision of personal data is partly required by law (e.g. tax regulations) or may also result from contractual regulations (e.g. information on the contractual partner). In some cases, it may be necessary for a contract to be concluded if a data subject provides us with personal data which must subsequently be processed by us. For example, the person concerned is obliged to provide us with personal data if our company enters into a contract with him\/her. Failure to provide personal data would mean that the contract with the data subject could not be concluded.\u00a0Prior to the provision of personal data by the data subject, the data subject must contact one of our employees. Our employee will inform the data subject on a case-by-case basis whether the provision of personal data is required by law or contract or required for the conclusion of the contract, whether there is an obligation to provide the personal data and what consequences the failure to provide the personal data would have.<\/p>\n<h4>14 \u00a0Existence of automated decision making<\/h4>\n<p>As a responsible company, we do without automatic decision-making or profiling.\u00a0This data security explanation was provided by the data security explanation generator of the data security works council\u00a0<a href=\"https:\/\/dg-datenschutz.de\/\">datenschutz betriebsrat<\/a>\u00a0in co-operation with the RC GmbH, which recycles used Notebooks and the file sharing attorneys of WBS-LAW.\u00a0Complemented by the section Google Fonts of the Privacy Policy Generator of activeMind AG\u00a0<a href=\"https:\/\/www.activemind.de\/datenschutz\/datenschutzhinweis-generator\/\"><em>Datenschutzerkl\u00e4rungs-Generator der activeMind AG<\/em><\/a><\/p>\n<p>Translated with www.DeepL.com\/Translator<\/p>\n<p>[\/et_pb_text][\/et_pb_column][\/et_pb_row][\/et_pb_section]<\/p>\n","protected":false},"excerpt":{"rendered":"<p>Wir freuen uns sehr \u00fcber Ihr Interesse an unserem Unternehmen. Datenschutz hat einen besonders hohen Stellenwert f\u00fcr die Praxis Brandau. Eine Nutzung der Internetseiten der Praxis Brandau ist grunds\u00e4tzlich ohne jede Angabe personenbezogener Daten m\u00f6glich. Sofern eine betroffene Person besondere Services unseres Unternehmens \u00fcber unsere Internetseite in Anspruch nehmen m\u00f6chte, k\u00f6nnte jedoch eine Verarbeitung personenbezogener [&hellip;]<\/p>\n","protected":false},"author":1,"featured_media":0,"parent":0,"menu_order":0,"comment_status":"closed","ping_status":"closed","template":"page-template-blank.php","meta":{"_et_pb_use_builder":"on","_et_pb_old_content":"<p>Wir freuen uns sehr \u00fcber Ihr Interesse an unserem Unternehmen. Datenschutz hat einen besonders hohen Stellenwert f\u00fcr die Praxis Brandau. Eine Nutzung der Internetseiten der Praxis Brandau ist grunds\u00e4tzlich ohne jede Angabe personenbezogener Daten m\u00f6glich. Sofern eine betroffene Person besondere Services unseres Unternehmens \u00fcber unsere Internetseite in Anspruch nehmen m\u00f6chte, k\u00f6nnte jedoch eine Verarbeitung personenbezogener Daten erforderlich werden. Ist die Verarbeitung personenbezogener Daten erforderlich und besteht f\u00fcr eine solche Verarbeitung keine gesetzliche Grundlage, holen wir generell eine Einwilligung der betroffenen Person ein. Die Verarbeitung personenbezogener Daten, beispielsweise des Namens, der Anschrift, E-Mail-Adresse oder Telefonnummer einer betroffenen Person, erfolgt stets im Einklang mit der Datenschutz-Grundverordnung und in \u00dcbereinstimmung mit den f\u00fcr die Praxis Brandau geltenden landesspezifischen Datenschutzbestimmungen. Mittels dieser Datenschutzerkl\u00e4rung m\u00f6chte unser Unternehmen die \u00d6ffentlichkeit \u00fcber Art, Umfang und Zweck der von uns erhobenen, genutzten und verarbeiteten personenbezogenen Daten informieren. Ferner werden betroffene Personen mittels dieser Datenschutzerkl\u00e4rung \u00fcber die ihnen zustehenden Rechte aufgekl\u00e4rt. Die Praxis Brandau hat als f\u00fcr die Verarbeitung Verantwortlicher zahlreiche technische und organisatorische Ma\u00dfnahmen umgesetzt, um einen m\u00f6glichst l\u00fcckenlosen Schutz der \u00fcber diese Internetseite verarbeiteten personenbezogenen Daten sicherzustellen. Dennoch k\u00f6nnen Internetbasierte Daten\u00fcbertragungen grunds\u00e4tzlich Sicherheitsl\u00fccken aufweisen, sodass ein absoluter Schutz nicht gew\u00e4hrleistet werden kann. Aus diesem Grund steht es jeder betroffenen Person frei, personenbezogene Daten auch auf alternativen Wegen, beispielsweise telefonisch, an uns zu \u00fcbermitteln.<\/p><h5>1. Begriffsbestimmungen<\/h5><p>Die Datenschutzerkl\u00e4rung der Praxis Brandau beruht auf den Begrifflichkeiten, die durch den Europ\u00e4ischen Richtlinien- und Verordnungsgeber beim Erlass der Datenschutz-Grundverordnung (DS-GVO) verwendet wurden. Unsere Datenschutzerkl\u00e4rung soll sowohl f\u00fcr die \u00d6ffentlichkeit als auch f\u00fcr unsere Kunden und Gesch\u00e4ftspartner einfach lesbar und verst\u00e4ndlich sein. Um dies zu gew\u00e4hrleisten, m\u00f6chten wir vorab die verwendeten Begrifflichkeiten erl\u00e4utern. Wir verwenden in dieser Datenschutzerkl\u00e4rung unter anderem die folgenden Begriffe:<\/p><ul><li><strong>a) personenbezogene Daten<\/strong> \u2013\u00a0Personenbezogene Daten sind alle Informationen, die sich auf eine identifizierte oder identifizierbare nat\u00fcrliche Person (im Folgenden \u201ebetroffene Person\u201c) beziehen. Als identifizierbar wird eine nat\u00fcrliche Person angesehen, die direkt oder indirekt, insbesondere mittels Zuordnung zu einer Kennung wie einem Namen, zu einer Kennnummer, zu Standortdaten, zu einer Online-Kennung oder zu einem oder mehreren besonderen Merkmalen, die Ausdruck der physischen, physiologischen, genetischen, psychischen, wirtschaftlichen, kulturellen oder sozialen Identit\u00e4t dieser nat\u00fcrlichen Person sind, identifiziert werden kann.<\/li><li><strong>b) betroffene Person<\/strong> \u2013\u00a0Betroffene Person ist jede identifizierte oder identifizierbare nat\u00fcrliche Person, deren personenbezogene Daten von dem f\u00fcr die Verarbeitung Verantwortlichen verarbeitet werden.<\/li><li><strong>c) Verarbeitung<\/strong> \u2013\u00a0Verarbeitung ist jeder mit oder ohne Hilfe automatisierter Verfahren ausgef\u00fchrte Vorgang oder jede solche Vorgangsreihe im Zusammenhang mit personenbezogenen Daten wie das Erheben, das Erfassen, die Organisation, das Ordnen, die Speicherung, die Anpassung oder Ver\u00e4nderung, das Auslesen, das Abfragen, die Verwendung, die Offenlegung durch \u00dcbermittlung, Verbreitung oder eine andere Form der Bereitstellung, den Abgleich oder die Verkn\u00fcpfung, die Einschr\u00e4nkung, das L\u00f6schen oder die Vernichtung.<\/li><li><strong>d) Einschr\u00e4nkung der Verarbeitung<\/strong> \u2013\u00a0Einschr\u00e4nkung der Verarbeitung ist die Markierung gespeicherter personenbezogener Daten mit dem Ziel, ihre k\u00fcnftige Verarbeitung einzuschr\u00e4nken.<\/li><li><strong>e) Profiling<\/strong> \u2013\u00a0Profiling ist jede Art der automatisierten Verarbeitung personenbezogener Daten, die darin besteht, dass diese personenbezogenen Daten verwendet werden, um bestimmte pers\u00f6nliche Aspekte, die sich auf eine nat\u00fcrliche Person beziehen, zu bewerten, insbesondere, um Aspekte bez\u00fcglich Arbeitsleistung, wirtschaftlicher Lage, Gesundheit, pers\u00f6nlicher Vorlieben, Interessen, Zuverl\u00e4ssigkeit, Verhalten, Aufenthaltsort oder Ortswechsel dieser nat\u00fcrlichen Person zu analysieren oder vorherzusagen.<\/li><li><strong>f) Pseudonymisierung<\/strong> \u2013\u00a0Pseudonymisierung ist die Verarbeitung personenbezogener Daten in einer Weise, auf welche die personenbezogenen Daten ohne Hinzuziehung zus\u00e4tzlicher Informationen nicht mehr einer spezifischen betroffenen Person zugeordnet werden k\u00f6nnen, sofern diese zus\u00e4tzlichen Informationen gesondert aufbewahrt werden und technischen und organisatorischen Ma\u00dfnahmen unterliegen, die gew\u00e4hrleisten, dass die personenbezogenen Daten nicht einer identifizierten oder identifizierbaren nat\u00fcrlichen Person zugewiesen werden.<\/li><li><strong>g) Verantwortlicher oder f\u00fcr die Verarbeitung Verantwortlicher<\/strong> \u2013\u00a0Verantwortlicher oder f\u00fcr die Verarbeitung Verantwortlicher ist die nat\u00fcrliche oder juristische Person, Beh\u00f6rde, Einrichtung oder andere Stelle, die allein oder gemeinsam mit anderen \u00fcber die Zwecke und Mittel der Verarbeitung von personenbezogenen Daten entscheidet. Sind die Zwecke und Mittel dieser Verarbeitung durch das Unionsrecht oder das Recht der Mitgliedstaaten vorgegeben, so kann der Verantwortliche beziehungsweise k\u00f6nnen die bestimmten Kriterien seiner Benennung nach dem Unionsrecht oder dem Recht der Mitgliedstaaten vorgesehen werden.<\/li><li><strong>h) Auftragsverarbeiter<\/strong> \u2013 Auftragsverarbeiter ist eine nat\u00fcrliche oder juristische Person, Beh\u00f6rde, Einrichtung oder andere Stelle, die personenbezogene Daten im Auftrag des Verantwortlichen verarbeitet.<\/li><li><strong>i) Empf\u00e4nger<\/strong> \u2013\u00a0Empf\u00e4nger ist eine nat\u00fcrliche oder juristische Person, Beh\u00f6rde, Einrichtung oder andere Stelle, der personenbezogene Daten offengelegt werden, unabh\u00e4ngig davon, ob es sich bei ihr um einen Dritten handelt oder nicht. Beh\u00f6rden, die im Rahmen eines bestimmten Untersuchungsauftrags nach dem Unionsrecht oder dem Recht der Mitgliedstaaten m\u00f6glicherweise personenbezogene Daten erhalten, gelten jedoch nicht als Empf\u00e4nger.<\/li><li><strong>j) Dritter<\/strong> \u2013\u00a0Dritter ist eine nat\u00fcrliche oder juristische Person, Beh\u00f6rde, Einrichtung oder andere Stelle au\u00dfer der betroffenen Person, dem Verantwortlichen, dem Auftragsverarbeiter und den Personen, die unter der unmittelbaren Verantwortung des Verantwortlichen oder des Auftragsverarbeiters befugt sind, die personenbezogenen Daten zu verarbeiten.<\/li><li><strong>k) Einwilligung<\/strong> \u2013\u00a0Einwilligung ist jede von der betroffenen Person freiwillig f\u00fcr den bestimmten Fall in informierter Weise und unmissverst\u00e4ndlich abgegebene Willensbekundung in Form einer Erkl\u00e4rung oder einer sonstigen eindeutigen best\u00e4tigenden Handlung, mit der die betroffene Person zu verstehen gibt, dass sie mit der Verarbeitung der sie betreffenden personenbezogenen Daten einverstanden ist.<\/li><\/ul><h4>2. Name und Anschrift des f\u00fcr die Verarbeitung Verantwortlichen<\/h4><p>Verantwortlicher im Sinne der Datenschutz-Grundverordnung, sonstiger in den Mitgliedstaaten der Europ\u00e4ischen Union geltenden Datenschutzgesetze und anderer Bestimmungen mit datenschutzrechtlichem Charakter ist die: PRAXIS BRANDAU Inhaberin: Susanne Brandau Fach\u00e4rztin f\u00fcr Psychotherapie & Psychiatrie Borsigstr. 4, 10115 Berlin Deutschland Tel.: 030-28884076 E-Mail: <span id=\"enkoder_0_1296037853\">Javascript muss zur Anzeige der E-Mail-Adressen aktiviert sein<\/span> Website: www.praxisbrandau.de<\/p><h4>3. Cookies<\/h4><p>Die Internetseiten der Praxis Brandau verwenden Cookies. Cookies sind Textdateien, welche \u00fcber einen Internetbrowser auf einem Computersystem abgelegt und gespeichert werden. Zahlreiche Internetseiten und Server verwenden Cookies. Viele Cookies enthalten eine sogenannte Cookie-ID. Eine Cookie-ID ist eine eindeutige Kennung des Cookies. Sie besteht aus einer Zeichenfolge, durch welche Internetseiten und Server dem konkreten Internetbrowser zugeordnet werden k\u00f6nnen, in dem das Cookie gespeichert wurde. Dies erm\u00f6glicht es den besuchten Internetseiten und Servern, den individuellen Browser der betroffenen Person von anderen Internetbrowsern, die andere Cookies enthalten, zu unterscheiden. Ein bestimmter Internetbrowser kann \u00fcber die eindeutige Cookie-ID wiedererkannt und identifiziert werden. Durch den Einsatz von Cookies kann die Praxis Brandau den Nutzern dieser Internetseite nutzerfreundlichere Services bereitstellen, die ohne die Cookie-Setzung nicht m\u00f6glich w\u00e4ren. Mittels eines Cookies k\u00f6nnen die Informationen und Angebote auf unserer Internetseite im Sinne des Benutzers optimiert werden. Cookies erm\u00f6glichen uns, wie bereits erw\u00e4hnt, die Benutzer unserer Internetseite wiederzuerkennen. Zweck dieser Wiedererkennung ist es, den Nutzern die Verwendung unserer Internetseite zu erleichtern. Der Benutzer einer Internetseite, die Cookies verwendet, muss beispielsweise nicht bei jedem Besuch der Internetseite erneut seine Zugangsdaten eingeben, weil dies von der Internetseite und dem auf dem Computersystem des Benutzers abgelegten Cookie \u00fcbernommen wird. Ein weiteres Beispiel ist das Cookie eines Warenkorbes im Online-Shop. Der Online-Shop merkt sich die Artikel, die ein Kunde in den virtuellen Warenkorb gelegt hat, \u00fcber ein Cookie. Die betroffene Person kann die Setzung von Cookies durch unsere Internetseite jederzeit mittels einer entsprechenden Einstellung des genutzten Internetbrowsers verhindern und damit der Setzung von Cookies dauerhaft widersprechen. Ferner k\u00f6nnen bereits gesetzte Cookies jederzeit \u00fcber einen Internetbrowser oder andere Softwareprogramme gel\u00f6scht werden. Dies ist in allen g\u00e4ngigen Internetbrowsern m\u00f6glich. Deaktiviert die betroffene Person die Setzung von Cookies in dem genutzten Internetbrowser, sind unter Umst\u00e4nden nicht alle Funktionen unserer Internetseite vollumf\u00e4nglich nutzbar.<\/p><h4>4. Erfassung von allgemeinen Daten und Informationen<\/h4><p>Die Internetseite der Praxis Brandau erfasst mit jedem Aufruf der Internetseite durch eine betroffene Person oder ein automatisiertes System eine Reihe von allgemeinen Daten und Informationen. Diese allgemeinen Daten und Informationen werden in den Logfiles des Servers gespeichert. Erfasst werden k\u00f6nnen die (1) verwendeten Browsertypen und Versionen, (2) das vom zugreifenden System verwendete Betriebssystem, (3) die Internetseite, von welcher ein zugreifendes System auf unsere Internetseite gelangt (sogenannte Referrer), (4) die Unterwebseiten, welche \u00fcber ein zugreifendes System auf unserer Internetseite angesteuert werden, (5) das Datum und die Uhrzeit eines Zugriffs auf die Internetseite, (6) eine Internet-Protokoll-Adresse (IP-Adresse), (7) der Internet-Service-Provider des zugreifenden Systems und (8) sonstige \u00e4hnliche Daten und Informationen, die der Gefahrenabwehr im Falle von Angriffen auf unsere informationstechnologischen Systeme dienen. Bei der Nutzung dieser allgemeinen Daten und Informationen zieht die Praxis Brandau keine R\u00fcckschl\u00fcsse auf die betroffene Person. Diese Informationen werden vielmehr ben\u00f6tigt, um (1) die Inhalte unserer Internetseite korrekt auszuliefern, (2) die Inhalte unserer Internetseite sowie die Werbung f\u00fcr diese zu optimieren, (3) die dauerhafte Funktionsf\u00e4higkeit unserer informationstechnologischen Systeme und der Technik unserer Internetseite zu gew\u00e4hrleisten sowie (4) um Strafverfolgungsbeh\u00f6rden im Falle eines Cyberangriffes die zur Strafverfolgung notwendigen Informationen bereitzustellen. Diese anonym erhobenen Daten und Informationen werden durch die Praxis Brandau daher einerseits statistisch und ferner mit dem Ziel ausgewertet, den Datenschutz und die Datensicherheit in unserem Unternehmen zu erh\u00f6hen, um letztlich ein optimales Schutzniveau f\u00fcr die von uns verarbeiteten personenbezogenen Daten sicherzustellen. Die anonymen Daten der Server-Logfiles werden getrennt von allen durch eine betroffene Person angegebenen personenbezogenen Daten gespeichert.<\/p><h4>5. Routinem\u00e4\u00dfige L\u00f6schung und Sperrung von personenbezogenen Daten<\/h4><p>Der f\u00fcr die Verarbeitung Verantwortliche verarbeitet und speichert personenbezogene Daten der betroffenen Person nur f\u00fcr den Zeitraum, der zur Erreichung des Speicherungszwecks erforderlich ist oder sofern dies durch den Europ\u00e4ischen Richtlinien- und Verordnungsgeber oder einen anderen Gesetzgeber in Gesetzen oder Vorschriften, welchen der f\u00fcr die Verarbeitung Verantwortliche unterliegt, vorgesehen wurde. Entf\u00e4llt der Speicherungszweck oder l\u00e4uft eine vom Europ\u00e4ischen Richtlinien- und Verordnungsgeber oder einem anderen zust\u00e4ndigen Gesetzgeber vorgeschriebene Speicherfrist ab, werden die personenbezogenen Daten routinem\u00e4\u00dfig und entsprechend den gesetzlichen Vorschriften gesperrt oder gel\u00f6scht.<\/p><h4>6. Rechte der betroffenen Person<\/h4><ul><li><strong>a) Recht auf Best\u00e4tigung<\/strong> \u2013\u00a0Jede betroffene Person hat das vom Europ\u00e4ischen Richtlinien- und Verordnungsgeber einger\u00e4umte Recht, von dem f\u00fcr die Verarbeitung Verantwortlichen eine Best\u00e4tigung dar\u00fcber zu verlangen, ob sie betreffende personenbezogene Daten verarbeitet werden. M\u00f6chte eine betroffene Person dieses Best\u00e4tigungsrecht in Anspruch nehmen, kann sie sich hierzu jederzeit an einen Mitarbeiter des f\u00fcr die Verarbeitung Verantwortlichen wenden.<\/li><li><strong>b) Recht auf Auskunft<\/strong> \u2013 Jede von der Verarbeitung personenbezogener Daten betroffene Person hat das vom Europ\u00e4ischen Richtlinien- und Verordnungsgeber gew\u00e4hrte Recht, jederzeit von dem f\u00fcr die Verarbeitung Verantwortlichen unentgeltliche Auskunft \u00fcber die zu seiner Person gespeicherten personenbezogenen Daten und eine Kopie dieser Auskunft zu erhalten. Ferner hat der Europ\u00e4ische Richtlinien- und Verordnungsgeber der betroffenen Person Auskunft \u00fcber folgende Informationen zugestanden:<ul><li>die Verarbeitungszwecke<\/li><li>die Kategorien personenbezogener Daten, die verarbeitet werden<\/li><li>die Empf\u00e4nger oder Kategorien von Empf\u00e4ngern, gegen\u00fcber denen die personenbezogenen Daten offengelegt worden sind oder noch offengelegt werden, insbesondere bei Empf\u00e4ngern in Drittl\u00e4ndern oder bei internationalen Organisationen<\/li><li>falls m\u00f6glich die geplante Dauer, f\u00fcr die die personenbezogenen Daten gespeichert werden, oder, falls dies nicht m\u00f6glich ist, die Kriterien f\u00fcr die Festlegung dieser Dauer<\/li><li>das Bestehen eines Rechts auf Berichtigung oder L\u00f6schung der sie betreffenden personenbezogenen Daten oder auf Einschr\u00e4nkung der Verarbeitung durch den Verantwortlichen oder eines Widerspruchsrechts gegen diese Verarbeitung<\/li><li>das Bestehen eines Beschwerderechts bei einer Aufsichtsbeh\u00f6rde<\/li><li>wenn die personenbezogenen Daten nicht bei der betroffenen Person erhoben werden: Alle verf\u00fcgbaren Informationen \u00fcber die Herkunft der Daten<\/li><li>das Bestehen einer automatisierten Entscheidungsfindung einschlie\u00dflich Profiling gem\u00e4\u00df Artikel 22 Abs.1 und 4 DS-GVO und \u2014 zumindest in diesen F\u00e4llen \u2014 aussagekr\u00e4ftige Informationen \u00fcber die involvierte Logik sowie die Tragweite und die angestrebten Auswirkungen einer derartigen Verarbeitung f\u00fcr die betroffene Person<\/li><\/ul><p>Ferner steht der betroffenen Person ein Auskunftsrecht dar\u00fcber zu, ob personenbezogene Daten an ein Drittland oder an eine internationale Organisation \u00fcbermittelt wurden. Sofern dies der Fall ist, so steht der betroffenen Person im \u00dcbrigen das Recht zu, Auskunft \u00fcber die geeigneten Garantien im Zusammenhang mit der \u00dcbermittlung zu erhalten. M\u00f6chte eine betroffene Person dieses Auskunftsrecht in Anspruch nehmen, kann sie sich hierzu jederzeit an einen Mitarbeiter des f\u00fcr die Verarbeitung Verantwortlichen wenden.<\/p><\/li><li><strong>c) Recht auf Berichtigung<\/strong> \u2013\u00a0Jede von der Verarbeitung personenbezogener Daten betroffene Person hat das vom Europ\u00e4ischen Richtlinien- und Verordnungsgeber gew\u00e4hrte Recht, die unverz\u00fcgliche Berichtigung sie betreffender unrichtiger personenbezogener Daten zu verlangen. Ferner steht der betroffenen Person das Recht zu, unter Ber\u00fccksichtigung der Zwecke der Verarbeitung, die Vervollst\u00e4ndigung unvollst\u00e4ndiger personenbezogener Daten \u2014 auch mittels einer erg\u00e4nzenden Erkl\u00e4rung \u2014 zu verlangen. M\u00f6chte eine betroffene Person dieses Berichtigungsrecht in Anspruch nehmen, kann sie sich hierzu jederzeit an einen Mitarbeiter des f\u00fcr die Verarbeitung Verantwortlichen wenden.<\/li><li><strong>d) Recht auf L\u00f6schung (Recht auf Vergessen werden)<\/strong> \u2013 Jede von der Verarbeitung personenbezogener Daten betroffene Person hat das vom Europ\u00e4ischen Richtlinien- und Verordnungsgeber gew\u00e4hrte Recht, von dem Verantwortlichen zu verlangen, dass die sie betreffenden personenbezogenen Daten unverz\u00fcglich gel\u00f6scht werden, sofern einer der folgenden Gr\u00fcnde zutrifft und soweit die Verarbeitung nicht erforderlich ist:<ul><li>Die personenbezogenen Daten wurden f\u00fcr solche Zwecke erhoben oder auf sonstige Weise verarbeitet, f\u00fcr welche sie nicht mehr notwendig sind.<\/li><li>Die betroffene Person widerruft ihre Einwilligung, auf die sich die Verarbeitung gem\u00e4\u00df Art. 6 Abs. 1 Buchstabe a DS-GVO oder Art. 9 Abs. 2 Buchstabe a DS-GVO st\u00fctzte, und es fehlt an einer anderweitigen Rechtsgrundlage f\u00fcr die Verarbeitung.<\/li><li>Die betroffene Person legt gem\u00e4\u00df Art. 21 Abs. 1 DS-GVO Widerspruch gegen die Verarbeitung ein, und es liegen keine vorrangigen berechtigten Gr\u00fcnde f\u00fcr die Verarbeitung vor, oder die betroffene Person legt gem\u00e4\u00df Art. 21 Abs. 2 DS-GVO Widerspruch gegen die Verarbeitung ein.<\/li><li>Die personenbezogenen Daten wurden unrechtm\u00e4\u00dfig verarbeitet.<\/li><li>Die L\u00f6schung der personenbezogenen Daten ist zur Erf\u00fcllung einer rechtlichen Verpflichtung nach dem Unionsrecht oder dem Recht der Mitgliedstaaten erforderlich, dem der Verantwortliche unterliegt.<\/li><li>Die personenbezogenen Daten wurden in Bezug auf angebotene Dienste der Informationsgesellschaft gem\u00e4\u00df Art. 8 Abs. 1 DS-GVO erhoben.<\/li><\/ul><p>Sofern einer der oben genannten Gr\u00fcnde zutrifft und eine betroffene Person die L\u00f6schung von personenbezogenen Daten, die bei der Zitrusblau GmbH gespeichert sind, veranlassen m\u00f6chte, kann sie sich hierzu jederzeit an einen Mitarbeiter des f\u00fcr die Verarbeitung Verantwortlichen wenden. Der Mitarbeiter der Zitrusblau GmbH wird veranlassen, dass dem L\u00f6schverlangen unverz\u00fcglich nachgekommen wird. Wurden die personenbezogenen Daten von der Zitrusblau GmbH \u00f6ffentlich gemacht und ist unser Unternehmen als Verantwortlicher gem\u00e4\u00df Art. 17 Abs. 1 DS-GVO zur L\u00f6schung der personenbezogenen Daten verpflichtet, so trifft die Zitrusblau GmbH unter Ber\u00fccksichtigung der verf\u00fcgbaren Technologie und der Implementierungskosten angemessene Ma\u00dfnahmen, auch technischer Art, um andere f\u00fcr die Datenverarbeitung Verantwortliche, welche die ver\u00f6ffentlichten personenbezogenen Daten verarbeiten, dar\u00fcber in Kenntnis zu setzen, dass die betroffene Person von diesen anderen f\u00fcr die Datenverarbeitung Verantwortlichen die L\u00f6schung s\u00e4mtlicher Links zu diesen personenbezogenen Daten oder von Kopien oder Replikationen dieser personenbezogenen Daten verlangt hat, soweit die Verarbeitung nicht erforderlich ist. Die\u00a0Praxis Brandau wird im Einzelfall das Notwendige veranlassen.<\/p><\/li><li><strong>e) Recht auf Einschr\u00e4nkung der Verarbeitung<\/strong> \u2013\u00a0Jede von der Verarbeitung personenbezogener Daten betroffene Person hat das vom Europ\u00e4ischen Richtlinien- und Verordnungsgeber gew\u00e4hrte Recht, von dem Verantwortlichen die Einschr\u00e4nkung der Verarbeitung zu verlangen, wenn eine der folgenden Voraussetzungen gegeben ist:<ul><li>Die Richtigkeit der personenbezogenen Daten wird von der betroffenen Person bestritten, und zwar f\u00fcr eine Dauer, die es dem Verantwortlichen erm\u00f6glicht, die Richtigkeit der personenbezogenen Daten zu \u00fcberpr\u00fcfen.<\/li><li>Die Verarbeitung ist unrechtm\u00e4\u00dfig, die betroffene Person lehnt die L\u00f6schung der personenbezogenen Daten ab und verlangt stattdessen die Einschr\u00e4nkung der Nutzung der personenbezogenen Daten.<\/li><li>Der Verantwortliche ben\u00f6tigt die personenbezogenen Daten f\u00fcr die Zwecke der Verarbeitung nicht l\u00e4nger, die betroffene Person ben\u00f6tigt sie jedoch zur Geltendmachung, Aus\u00fcbung oder Verteidigung von Rechtsanspr\u00fcchen.<\/li><li>Die betroffene Person hat Widerspruch gegen die Verarbeitung gem. Art. 21 Abs. 1 DS-GVO eingelegt und es steht noch nicht fest, ob die berechtigten Gr\u00fcnde des Verantwortlichen gegen\u00fcber denen der betroffenen Person \u00fcberwiegen.<\/li><\/ul><p>Sofern eine der oben genannten Voraussetzungen gegeben ist und eine betroffene Person die Einschr\u00e4nkung von personenbezogenen Daten, die bei der Praxis Brandau gespeichert sind, verlangen m\u00f6chte, kann sie sich hierzu jederzeit an einen Mitarbeiter des f\u00fcr die Verarbeitung Verantwortlichen wenden. Der Mitarbeiter der Praxis Brandau wird die Einschr\u00e4nkung der Verarbeitung veranlassen.<\/p><\/li><li><strong>f) Recht auf Daten\u00fcbertragbarkeit<\/strong> \u2013\u00a0Jede von der Verarbeitung personenbezogener Daten betroffene Person hat das vom Europ\u00e4ischen Richtlinien- und Verordnungsgeber gew\u00e4hrte Recht, die sie betreffenden personenbezogenen Daten, welche durch die betroffene Person einem Verantwortlichen bereitgestellt wurden, in einem strukturierten, g\u00e4ngigen und maschinenlesbaren Format zu erhalten. Sie hat au\u00dferdem das Recht, diese Daten einem anderen Verantwortlichen ohne Behinderung durch den Verantwortlichen, dem die personenbezogenen Daten bereitgestellt wurden, zu \u00fcbermitteln, sofern die Verarbeitung auf der Einwilligung gem\u00e4\u00df Art. 6 Abs. 1 Buchstabe a DS-GVO oder Art. 9 Abs. 2 Buchstabe a DS-GVO oder auf einem Vertrag gem\u00e4\u00df Art. 6 Abs. 1 Buchstabe b DS-GVO beruht und die Verarbeitung mithilfe automatisierter Verfahren erfolgt, sofern die Verarbeitung nicht f\u00fcr die Wahrnehmung einer Aufgabe erforderlich ist, die im \u00f6ffentlichen Interesse liegt oder in Aus\u00fcbung \u00f6ffentlicher Gewalt erfolgt, welche dem Verantwortlichen \u00fcbertragen wurde. Ferner hat die betroffene Person bei der Aus\u00fcbung ihres Rechts auf Daten\u00fcbertragbarkeit gem\u00e4\u00df Art. 20 Abs. 1 DS-GVO das Recht, zu erwirken, dass die personenbezogenen Daten direkt von einem Verantwortlichen an einen anderen Verantwortlichen \u00fcbermittelt werden, soweit dies technisch machbar ist und sofern hiervon nicht die Rechte und Freiheiten anderer Personen beeintr\u00e4chtigt werden. Zur Geltendmachung des Rechts auf Daten\u00fcbertragbarkeit kann sich die betroffene Person jederzeit an die\u00a0Praxis Brandau wenden.<\/li><li><strong>g) Recht auf Widerspruch<\/strong> \u2013\u00a0Jede von der Verarbeitung personenbezogener Daten betroffene Person hat das vom Europ\u00e4ischen Richtlinien- und Verordnungsgeber gew\u00e4hrte Recht, aus Gr\u00fcnden, die sich aus ihrer besonderen Situation ergeben, jederzeit gegen die Verarbeitung sie betreffender personenbezogener Daten, die aufgrund von Art. 6 Abs. 1 Buchstaben e oder f DS-GVO erfolgt, Widerspruch einzulegen. Dies gilt auch f\u00fcr ein auf diese Bestimmungen gest\u00fctztes Profiling. Die Praxis Brandau verarbeitet die personenbezogenen Daten im Falle des Widerspruchs nicht mehr, es sei denn, wir k\u00f6nnen zwingende schutzw\u00fcrdige Gr\u00fcnde f\u00fcr die Verarbeitung nachweisen, die den Interessen, Rechten und Freiheiten der betroffenen Person \u00fcberwiegen, oder die Verarbeitung dient der Geltendmachung, Aus\u00fcbung oder Verteidigung von Rechtsanspr\u00fcchen. Verarbeitet die Praxis Brandau personenbezogene Daten, um Direktwerbung zu betreiben, so hat die betroffene Person das Recht, jederzeit Widerspruch gegen die Verarbeitung der personenbezogenen Daten zum Zwecke derartiger Werbung einzulegen. Dies gilt auch f\u00fcr das Profiling, soweit es mit solcher Direktwerbung in Verbindung steht. Widerspricht die betroffene Person gegen\u00fcber der Zitrusblau GmbH der Verarbeitung f\u00fcr Zwecke der Direktwerbung, so wird die Zitrusblau GmbH die personenbezogenen Daten nicht mehr f\u00fcr diese Zwecke verarbeiten. Zudem hat die betroffene Person das Recht, aus Gr\u00fcnden, die sich aus ihrer besonderen Situation ergeben, gegen die sie betreffende Verarbeitung personenbezogener Daten, die bei der Praxis Brandau zu wissenschaftlichen oder historischen Forschungszwecken oder zu statistischen Zwecken gem\u00e4\u00df Art. 89 Abs. 1 DS-GVO erfolgen, Widerspruch einzulegen, es sei denn, eine solche Verarbeitung ist zur Erf\u00fcllung einer im \u00f6ffentlichen Interesse liegenden Aufgabe erforderlich. Zur Aus\u00fcbung des Rechts auf Widerspruch kann sich die betroffene Person direkt an die Praxis Brandau wenden. Der betroffenen Person steht es ferner frei, im Zusammenhang mit der Nutzung von Diensten der Informationsgesellschaft, ungeachtet der Richtlinie 2002\/58\/EG, ihr Widerspruchsrecht mittels automatisierter Verfahren auszu\u00fcben, bei denen technische Spezifikationen verwendet werden.<\/li><li><strong>h) Automatisierte Entscheidungen im Einzelfall einschlie\u00dflich Profiling<\/strong> \u2013\u00a0Jede von der Verarbeitung personenbezogener Daten betroffene Person hat das vom Europ\u00e4ischen Richtlinien- und Verordnungsgeber gew\u00e4hrte Recht, nicht einer ausschlie\u00dflich auf einer automatisierten Verarbeitung \u2014 einschlie\u00dflich Profiling \u2014 beruhenden Entscheidung unterworfen zu werden, die ihr gegen\u00fcber rechtliche Wirkung entfaltet oder sie in \u00e4hnlicher Weise erheblich beeintr\u00e4chtigt, sofern die Entscheidung (1) nicht f\u00fcr den Abschluss oder die Erf\u00fcllung eines Vertrags zwischen der betroffenen Person und dem Verantwortlichen erforderlich ist, oder (2) aufgrund von Rechtsvorschriften der Union oder der Mitgliedstaaten, denen der Verantwortliche unterliegt, zul\u00e4ssig ist und diese Rechtsvorschriften angemessene Ma\u00dfnahmen zur Wahrung der Rechte und Freiheiten sowie der berechtigten Interessen der betroffenen Person enthalten oder (3) mit ausdr\u00fccklicher Einwilligung der betroffenen Person erfolgt. Ist die Entscheidung (1) f\u00fcr den Abschluss oder die Erf\u00fcllung eines Vertrags zwischen der betroffenen Person und dem Verantwortlichen erforderlich oder (2) erfolgt sie mit ausdr\u00fccklicher Einwilligung der betroffenen Person, trifft die Zitrusblau GmbH angemessene Ma\u00dfnahmen, um die Rechte und Freiheiten sowie die berechtigten Interessen der betroffenen Person zu wahren, wozu mindestens das Recht auf Erwirkung des Eingreifens einer Person seitens des Verantwortlichen, auf Darlegung des eigenen Standpunkts und auf Anfechtung der Entscheidung geh\u00f6rt. M\u00f6chte die betroffene Person Rechte mit Bezug auf automatisierte Entscheidungen geltend machen, kann sie sich hierzu jederzeit an einen Mitarbeiter des f\u00fcr die Verarbeitung Verantwortlichen wenden.<\/li><li><strong>i) Recht auf Widerruf einer datenschutzrechtlichen Einwilligung<\/strong> \u2013\u00a0Jede von der Verarbeitung personenbezogener Daten betroffene Person hat das vom Europ\u00e4ischen Richtlinien- und Verordnungsgeber gew\u00e4hrte Recht, eine Einwilligung zur Verarbeitung personenbezogener Daten jederzeit zu widerrufen. M\u00f6chte die betroffene Person ihr Recht auf Widerruf einer Einwilligung geltend machen, kann sie sich hierzu jederzeit an einen Mitarbeiter des f\u00fcr die Verarbeitung Verantwortlichen wenden.<\/li><\/ul><h4>7. Datenschutzbestimmungen zu Einsatz und Verwendung von Google+<\/h4><p>Der f\u00fcr die Verarbeitung Verantwortliche hat auf dieser Internetseite als Komponente die Google+ Schaltfl\u00e4che integriert. Google+ ist ein sogenanntes soziales Netzwerk. Ein soziales Netzwerk ist ein im Internet betriebener sozialer Treffpunkt, eine Online-Gemeinschaft, die es den Nutzern in der Regel erm\u00f6glicht, untereinander zu kommunizieren und im virtuellen Raum zu interagieren. Ein soziales Netzwerk kann als Plattform zum Austausch von Meinungen und Erfahrungen dienen oder erm\u00f6glicht es der Internetgemeinschaft, pers\u00f6nliche oder unternehmensbezogene Informationen bereitzustellen. Google+ erm\u00f6glicht den Nutzern des sozialen Netzwerkes unter anderem die Erstellung von privaten Profilen, den Upload von Fotos und eine Vernetzung \u00fcber Freundschaftsanfragen. Betreibergesellschaft von Google+ ist die Google Inc., 1600 Amphitheatre Pkwy, Mountain View, CA 94043-1351, USA. Durch jeden Aufruf einer der Einzelseiten dieser Internetseite, die durch den f\u00fcr die Verarbeitung Verantwortlichen betrieben wird und auf welcher eine Google+ Schaltfl\u00e4che integriert wurde, wird der Internetbrowser auf dem informationstechnologischen System der betroffenen Person automatisch durch die jeweilige Google+ Schaltfl\u00e4che veranlasst, eine Darstellung der entsprechenden Google+ Schaltfl\u00e4che von Google herunterzuladen. Im Rahmen dieses technischen Verfahrens erh\u00e4lt Google Kenntnis dar\u00fcber, welche konkrete Unterseite unserer Internetseite durch die betroffene Person besucht wird. Genauere Informationen zu Google+ sind unter https:\/\/developers.google.com\/+\/ abrufbar. Sofern die betroffene Person gleichzeitig bei Google+ eingeloggt ist, erkennt Google mit jedem Aufruf unserer Internetseite durch die betroffene Person und w\u00e4hrend der gesamten Dauer des jeweiligen Aufenthaltes auf unserer Internetseite, welche konkrete Unterseite unserer Internetseite die betroffene Person besucht. Diese Informationen werden durch die Google+ Schaltfl\u00e4che gesammelt und durch Google dem jeweiligen Google+-Account der betroffenen Person zugeordnet. Bet\u00e4tigt die betroffene Person einen der auf unserer Internetseite integrierten Google+-Buttons und gibt damit eine Google+1 Empfehlung ab, ordnet Google diese Information dem pers\u00f6nlichen Google+-Benutzerkonto der betroffenen Person zu und speichert diese personenbezogenen Daten. Google speichert die Google+1-Empfehlung der betroffenen Person und macht diese in \u00dcbereinstimmung mit den von der betroffenen Person diesbez\u00fcglich akzeptierten Bedingungen \u00f6ffentlich zug\u00e4nglich. Eine von der betroffenen Person auf dieser Internetseite abgegebene Google+1-Empfehlung wird in der Folge zusammen mit anderen personenbezogenen Daten, wie dem Namen des von der betroffenen Person genutzten Google+1-Accounts und dem in diesem hinterlegten Foto in anderen Google-Diensten, beispielsweise den Suchmaschinenergebnissen der Google-Suchmaschine, dem Google-Konto der betroffenen Person oder an sonstigen Stellen, beispielsweise auf Internetseiten oder im Zusammenhang mit Werbeanzeigen, gespeichert und verarbeitet. Ferner ist Google in der Lage, den Besuch auf dieser Internetseite mit anderen bei Google gespeicherten personenbezogenen Daten zu verkn\u00fcpfen. Google zeichnet diese personenbezogenen Informationen ferner mit dem Zweck auf, die unterschiedlichen Dienste von Google zu verbessern oder zu optimieren. Google erh\u00e4lt \u00fcber die Google+-Schaltfl\u00e4che immer dann eine Information dar\u00fcber, dass die betroffene Person unsere Internetseite besucht hat, wenn die betroffene Person zum Zeitpunkt des Aufrufs unserer Internetseite gleichzeitig bei Google+ eingeloggt ist; dies findet unabh\u00e4ngig davon statt, ob die betroffene Person die Google+-Schaltfl\u00e4che anklickt oder nicht. Ist eine \u00dcbermittlung personenbezogener Daten an Google von der betroffenen Person nicht gewollt, kann diese eine solche \u00dcbermittlung dadurch verhindern, dass sie sich vor einem Aufruf unserer Internetseite aus ihrem Google+-Account ausloggt. Weitere Informationen und die geltenden Datenschutzbestimmungen von Google k\u00f6nnen unter https:\/\/www.google.de\/intl\/de\/policies\/privacy\/ abgerufen werden. Weitere Hinweise von Google zur Google+1-Schaltfl\u00e4che k\u00f6nnen unter https:\/\/developers.google.com\/+\/web\/buttons-policy abgerufen werden.<\/p><h4>8. Verwendung von Scriptbibliotheken (Google Webfonts)<\/h4><p>Um unsere Inhalte browser\u00fcbergreifend korrekt und grafisch ansprechend darzustellen, verwenden wir auf dieser Website Scriptbibliotheken und Schriftbibliotheken wie z. B. Google Webfonts (<a href=\"http:\/\/www.google.com\/webfonts\/\">https:\/\/www.google.com\/webfonts\/<\/a>). Google Webfonts werden zur Vermeidung mehrfachen Ladens in den Cache Ihres Browsers \u00fcbertragen. Falls der Browser die Google Webfonts nicht unterst\u00fctzt oder den Zugriff unterbindet, werden Inhalte in einer Standardschrift angezeigt. Der Aufruf von Scriptbibliotheken oder Schriftbibliotheken l\u00f6st automatisch eine Verbindung zum Betreiber der Bibliothek aus. Dabei ist es theoretisch m\u00f6glich \u2013 aktuell allerdings auch unklar ob und ggf. zu welchen Zwecken \u2013 dass Betreiber entsprechender Bibliotheken Daten erheben. Die Datenschutzrichtlinie des Bibliothekbetreibers Google finden Sie hier: <a href=\"https:\/\/www.google.com\/policies\/privacy\/\">https:\/\/www.google.com\/policies\/privacy\/<\/a><\/p><h4>9. Datenschutzbestimmungen zu Einsatz und Verwendung von Matomo<\/h4><p>Der f\u00fcr die Verarbeitung Verantwortliche hat auf dieser Internetseite die Komponente Matomo integriert. Matomo ist ein Open-Source-Softwaretool zur Web-Analyse. Web-Analyse ist die Erhebung, Sammlung und Auswertung von Daten \u00fcber das Verhalten von Besuchern von Internetseiten. Ein Web-Analyse-Tool erfasst unter anderem Daten dar\u00fcber, von welcher Internetseite eine betroffene Person auf eine Internetseite gekommen ist (sogenannter Referrer), auf welche Unterseiten der Internetseite zugegriffen oder wie oft und f\u00fcr welche Verweildauer eine Unterseite betrachtet wurde. Eine Web-Analyse wird \u00fcberwiegend zur Optimierung einer Internetseite und zur Kosten-Nutzen-Analyse von Internetwerbung eingesetzt. Die Software wird auf dem Server des f\u00fcr die Verarbeitung Verantwortlichen betrieben, die datenschutzrechtlich sensiblen Logdateien werden ausschlie\u00dflich auf diesem Server gespeichert. Der Zweck der Matomo-Komponente ist die Analyse der Besucherstr\u00f6me auf unserer Internetseite. Der f\u00fcr die Verarbeitung Verantwortliche nutzt die gewonnenen Daten und Informationen unter anderem dazu, die Nutzung dieser Internetseite auszuwerten, um Online-Reports, welche die Aktivit\u00e4ten auf unseren Internetseiten aufzeigen, zusammenzustellen. Matomo setzt ein Cookie auf dem informationstechnologischen System der betroffenen Person. Was Cookies sind, wurde oben bereits erl\u00e4utert. Mit der Setzung des Cookies wird uns eine Analyse der Benutzung unserer Internetseite erm\u00f6glicht. Durch jeden Aufruf einer der Einzelseiten dieser Internetseite wird der Internetbrowser auf dem informationstechnologischen System der betroffenen Person automatisch durch die Matomo-Komponente veranlasst, Daten zum Zwecke der Online-Analyse an unseren Server zu \u00fcbermitteln. Im Rahmen dieses technischen Verfahrens erhalten wir Kenntnis \u00fcber personenbezogene Daten, wie der IP-Adresse der betroffenen Person, die uns unter anderem dazu dient, die Herkunft der Besucher und Klicks nachzuvollziehen. Mittels des Cookies werden personenbezogene Informationen, beispielsweise die Zugriffszeit, der Ort, von welchem ein Zugriff ausging und die H\u00e4ufigkeit der Besuche auf unserer Internetseite gespeichert. Bei jedem Besuch unserer Internetseiten werden diese personenbezogenen Daten, einschlie\u00dflich der IP-Adresse des von der betroffenen Person genutzten Internetanschlusses, an unseren Server \u00fcbertragen. Diese personenbezogenen Daten werden durch uns gespeichert. Wir geben diese personenbezogenen Daten nicht an Dritte weiter. Die betroffene Person kann die Setzung von Cookies durch unsere Internetseite, wie oben bereits dargestellt, jederzeit mittels einer entsprechenden Einstellung des genutzten Internetbrowsers verhindern und damit der Setzung von Cookies dauerhaft widersprechen. Eine solche Einstellung des genutzten Internetbrowsers w\u00fcrde auch verhindern, dass Matomo ein Cookie auf dem informationstechnologischen System der betroffenen Person setzt. Zudem kann ein von Matomo bereits gesetzter Cookie jederzeit \u00fcber einen Internetbrowser oder andere Softwareprogramme gel\u00f6scht werden. Ferner besteht f\u00fcr die betroffene Person die M\u00f6glichkeit, einer Erfassung der durch den Matomo erzeugten, auf eine Nutzung dieser Internetseite bezogenen Daten zu widersprechen und eine solche zu verhindern. Hierzu muss die betroffene Person ein Opt-Out-Cookie setzen. Wird das informationstechnologische System der betroffenen Person zu einem sp\u00e4teren Zeitpunkt gel\u00f6scht, formatiert oder neu installiert, muss die betroffene Person erneut einen Opt-Out-Cookie setzen. Mit der Setzung des Opt-Out-Cookies besteht jedoch die M\u00f6glichkeit, dass die Internetseiten des f\u00fcr die Verarbeitung Verantwortlichen f\u00fcr die betroffene Person nicht mehr vollumf\u00e4nglich nutzbar sind. Weitere Informationen und die geltenden Datenschutzbestimmungen von Matomo k\u00f6nnen unter https:\/\/matomo.org\/privacy\/ abgerufen werden.<\/p><h4>10. Datenschutzbestimmungen zu Einsatz und Verwendung von Shariff<\/h4><p>Der f\u00fcr die Verarbeitung Verantwortliche hat auf dieser Internetseite die Komponente Shariff integriert. Die Shariff-Komponente stellt Social-Media-Buttons zur Verf\u00fcgung, die datenschutzkonform sind. Shariff wurde f\u00fcr die deutsche Computerzeitschrift c\u2019t entwickelt und wird \u00fcber die GitHub, Inc. publiziert. Entwickler der Komponente ist GitHub, Inc. 88 Colin P. Kelly Junior Street, San Francisco, CA 94107, USA. \u00dcblicherweise \u00fcbertragen die von den sozialen Netzwerken bereitgestellten Button-L\u00f6sungen bereits dann personenbezogene Daten an das jeweilige soziale Netzwerk, wenn ein Nutzer eine Internetseite besucht, in welche ein Social-Media-Button integriert wurde. Durch die Nutzung der Shariff-Komponente werden erst dann personenbezogene Daten an soziale Netzwerke \u00fcbermittelt, wenn der Besucher einer Internetseite aktiv einen der Social-Media-Buttons bet\u00e4tigt. Weitere Informationen zur Shariff-Komponente werden von der Computerzeitschrift c\u2019t unter http:\/\/www.heise.de\/newsticker\/meldung\/Datenschutz-und-Social-Media-Der-c-t-Shariff-ist-im-Einsatz-2470103.html bereitgehalten. Der Einsatz der Shariff-Komponente hat den Zweck, die personenbezogenen Daten der Besucher unserer Internetseite zu sch\u00fctzen und uns gleichzeitig zu erm\u00f6glichen, eine Button-L\u00f6sung f\u00fcr soziale Netzwerke auf dieser Internetseite zu integrieren. Weitere Informationen und die geltenden Datenschutzbestimmungen von GitHub k\u00f6nnen unter https:\/\/help.github.com\/articles\/github-privacy-policy\/ abgerufen werden.<\/p><h4>11. Rechtsgrundlage der Verarbeitung<\/h4><p>Art. 6 I lit. a DS-GVO dient unserem Unternehmen als Rechtsgrundlage f\u00fcr Verarbeitungsvorg\u00e4nge, bei denen wir eine Einwilligung f\u00fcr einen bestimmten Verarbeitungszweck einholen. Ist die Verarbeitung personenbezogener Daten zur Erf\u00fcllung eines Vertrags, dessen Vertragspartei die betroffene Person ist, erforderlich, wie dies beispielsweise bei Verarbeitungsvorg\u00e4ngen der Fall ist, die f\u00fcr eine Lieferung von Waren oder die Erbringung einer sonstigen Leistung oder Gegenleistung notwendig sind, so beruht die Verarbeitung auf Art. 6 I lit. b DS-GVO. Gleiches gilt f\u00fcr solche Verarbeitungsvorg\u00e4nge die zur Durchf\u00fchrung vorvertraglicher Ma\u00dfnahmen erforderlich sind, etwa in F\u00e4llen von Anfragen zur unseren Produkten oder Leistungen. Unterliegt unser Unternehmen einer rechtlichen Verpflichtung durch welche eine Verarbeitung von personenbezogenen Daten erforderlich wird, wie beispielsweise zur Erf\u00fcllung steuerlicher Pflichten, so basiert die Verarbeitung auf Art. 6 I lit. c DS-GVO. In seltenen F\u00e4llen k\u00f6nnte die Verarbeitung von personenbezogenen Daten erforderlich werden, um lebenswichtige Interessen der betroffenen Person oder einer anderen nat\u00fcrlichen Person zu sch\u00fctzen. Dies w\u00e4re beispielsweise der Fall, wenn ein Besucher in unserem Betrieb verletzt werden w\u00fcrde und daraufhin sein Name, sein Alter, seine Krankenkassendaten oder sonstige lebenswichtige Informationen an einen Arzt, ein Krankenhaus oder sonstige Dritte weitergegeben werden m\u00fcssten. Dann w\u00fcrde die Verarbeitung auf Art. 6 I lit. d DS-GVO beruhen. Letztlich k\u00f6nnten Verarbeitungsvorg\u00e4nge auf Art. 6 I lit. f DS-GVO beruhen. Auf dieser Rechtsgrundlage basieren Verarbeitungsvorg\u00e4nge, die von keiner der vorgenannten Rechtsgrundlagen erfasst werden, wenn die Verarbeitung zur Wahrung eines berechtigten Interesses unseres Unternehmens oder eines Dritten erforderlich ist, sofern die Interessen, Grundrechte und Grundfreiheiten des Betroffenen nicht \u00fcberwiegen. Solche Verarbeitungsvorg\u00e4nge sind uns insbesondere deshalb gestattet, weil sie durch den Europ\u00e4ischen Gesetzgeber besonders erw\u00e4hnt wurden. Er vertrat insoweit die Auffassung, dass ein berechtigtes Interesse anzunehmen sein k\u00f6nnte, wenn die betroffene Person ein Kunde des Verantwortlichen ist (Erw\u00e4gungsgrund 47 Satz 2 DS-GVO).<\/p><h4>12. Berechtigte Interessen an der Verarbeitung, die von dem Verantwortlichen oder einem Dritten verfolgt werden<\/h4><p>Basiert die Verarbeitung personenbezogener Daten auf Artikel 6 I lit. f DS-GVO ist unser berechtigtes Interesse die Durchf\u00fchrung unserer Gesch\u00e4ftst\u00e4tigkeit zugunsten des Wohlergehens all unserer Mitarbeiter und unserer Anteilseigner.<\/p><h4>13. Dauer, f\u00fcr die die personenbezogenen Daten gespeichert werden<\/h4><p>Das Kriterium f\u00fcr die Dauer der Speicherung von personenbezogenen Daten ist die jeweilige gesetzliche Aufbewahrungsfrist. Nach Ablauf der Frist werden die entsprechenden Daten routinem\u00e4\u00dfig gel\u00f6scht, sofern sie nicht mehr zur Vertragserf\u00fcllung oder Vertragsanbahnung erforderlich sind.<\/p><h4>14. Gesetzliche oder vertragliche Vorschriften zur Bereitstellung der personenbezogenen Daten; Erforderlichkeit f\u00fcr den Vertragsabschluss; Verpflichtung der betroffenen Person, die personenbezogenen Daten bereitzustellen; m\u00f6gliche Folgen der Nichtbereitstellung<\/h4><p>Wir kl\u00e4ren Sie dar\u00fcber auf, dass die Bereitstellung personenbezogener Daten zum Teil gesetzlich vorgeschrieben ist (z.B. Steuervorschriften) oder sich auch aus vertraglichen Regelungen (z.B. Angaben zum Vertragspartner) ergeben kann. Mitunter kann es zu einem Vertragsschluss erforderlich sein, dass eine betroffene Person uns personenbezogene Daten zur Verf\u00fcgung stellt, die in der Folge durch uns verarbeitet werden m\u00fcssen. Die betroffene Person ist beispielsweise verpflichtet uns personenbezogene Daten bereitzustellen, wenn unser Unternehmen mit ihr einen Vertrag abschlie\u00dft. Eine Nichtbereitstellung der personenbezogenen Daten h\u00e4tte zur Folge, dass der Vertrag mit dem Betroffenen nicht geschlossen werden k\u00f6nnte. Vor einer Bereitstellung personenbezogener Daten durch den Betroffenen muss sich der Betroffene an einen unserer Mitarbeiter wenden. Unser Mitarbeiter kl\u00e4rt den Betroffenen einzelfallbezogen dar\u00fcber auf, ob die Bereitstellung der personenbezogenen Daten gesetzlich oder vertraglich vorgeschrieben oder f\u00fcr den Vertragsabschluss erforderlich ist, ob eine Verpflichtung besteht, die personenbezogenen Daten bereitzustellen, und welche Folgen die Nichtbereitstellung der personenbezogenen Daten h\u00e4tte.<\/p><h4>15. Bestehen einer automatisierten Entscheidungsfindung<\/h4><p>Als verantwortungsbewusstes Unternehmen verzichten wir auf eine automatische Entscheidungsfindung oder ein Profiling. Diese Datenschutzerkl\u00e4rung wurde durch den Datenschutzerkl\u00e4rungs-Generator von den <a href=\"https:\/\/dg-datenschutz.de\/\">datenschutz betriebsrat<\/a> in Kooperation mit der RC GmbH, die <a href=\"http:\/\/remarketing.company\/\">gebrauchte Notebooks<\/a> wiederverwertet und den <a href=\"https:\/\/www.wbs-law.de\/abmahnung-filesharing\/\">Filesharing Rechtsanw\u00e4lten<\/a> von WBS-LAW erstellt. Erg\u00e4nzt durch den Abschnitt <em>Google Fonts<\/em> von dem <a href=\"https:\/\/www.activemind.de\/datenschutz\/datenschutzhinweis-generator\/\"><em>Datenschutzerkl\u00e4rungs-Generator der activeMind AG erstellt<\/em><\/a><em>.<\/em><\/p>","_et_gb_content_width":"","footnotes":""},"class_list":["post-457","page","type-page","status-publish","hentry"],"_links":{"self":[{"href":"https:\/\/praxisbrandau.de\/index.php?rest_route=\/wp\/v2\/pages\/457","targetHints":{"allow":["GET"]}}],"collection":[{"href":"https:\/\/praxisbrandau.de\/index.php?rest_route=\/wp\/v2\/pages"}],"about":[{"href":"https:\/\/praxisbrandau.de\/index.php?rest_route=\/wp\/v2\/types\/page"}],"author":[{"embeddable":true,"href":"https:\/\/praxisbrandau.de\/index.php?rest_route=\/wp\/v2\/users\/1"}],"replies":[{"embeddable":true,"href":"https:\/\/praxisbrandau.de\/index.php?rest_route=%2Fwp%2Fv2%2Fcomments&post=457"}],"version-history":[{"count":16,"href":"https:\/\/praxisbrandau.de\/index.php?rest_route=\/wp\/v2\/pages\/457\/revisions"}],"predecessor-version":[{"id":528,"href":"https:\/\/praxisbrandau.de\/index.php?rest_route=\/wp\/v2\/pages\/457\/revisions\/528"}],"wp:attachment":[{"href":"https:\/\/praxisbrandau.de\/index.php?rest_route=%2Fwp%2Fv2%2Fmedia&parent=457"}],"curies":[{"name":"wp","href":"https:\/\/api.w.org\/{rel}","templated":true}]}}